{"id":185,"date":"2015-12-06T20:01:58","date_gmt":"2015-12-06T20:01:58","guid":{"rendered":"http:\/\/marcopachiega.com\/arti\/?page_id=185"},"modified":"2022-01-05T12:11:07","modified_gmt":"2022-01-05T12:11:07","slug":"quien-soy","status":"publish","type":"page","link":"https:\/\/marcopachiega.com\/besp\/quien-soy\/","title":{"rendered":"QUIEN SOY"},"content":{"rendered":"<h1 style=\"text-align: center;\">QUIEN SOY<\/h1>\n<p><img fetchpriority=\"high\" decoding=\"async\" class=\"alignleft wp-image-2957\" title=\"Chi sono\" src=\"https:\/\/marcopachiega.com\/besp\/wp-content\/uploads\/sites\/13\/2018\/12\/DSC3941.jpg\" alt=\"Quien soy\" width=\"265\" height=\"265\" srcset=\"https:\/\/marcopachiega.com\/besp\/wp-content\/uploads\/sites\/13\/2018\/12\/DSC3941.jpg 1000w, https:\/\/marcopachiega.com\/besp\/wp-content\/uploads\/sites\/13\/2018\/12\/DSC3941-420x420.jpg 420w, https:\/\/marcopachiega.com\/besp\/wp-content\/uploads\/sites\/13\/2018\/12\/DSC3941-744x744.jpg 744w\" sizes=\"(max-width: 265px) 100vw, 265px\" \/><\/p>\n<p><strong>Empec\u00e9 en adolescencia con una c\u00e1mara anal\u00f3gica prestada, como muchos, de mis padres. Despu\u00e9s de unos a\u00f1os de total desinter\u00e9s, gracias a un viaje a Espa\u00f1a, volv\u00ed a la fotograf\u00eda digital. De esta manera redescubr\u00ed la belleza de comunicar a trav\u00e9s de im\u00e1genes.<\/strong><\/p>\n<p><strong>Me apasionan los viajes, la michilas, el kayak y el trekking. Me intrigan las culturas del mundo, los lugares abandonados, los inusuales y la naturaleza. En mis art\u00edculos encontrar\u00e1s historias y lugares que despiertan mi inter\u00e9s y que se mezclan con mis sentimientos.<\/strong><\/p>\n<p><strong>Experto en supervivencia o simplemente amante de estar rodeado de naturaleza.<\/strong><\/p>\n<p><strong>Me puedes encontrar tambien en<\/strong><\/p>\n<p><a href=\"https:\/\/www.linkedin.com\/in\/marco-pachiega-38546b92\/\" target=\"_blank\" rel=\"noopener\"><strong>Linkedln<\/strong><\/a><\/p>\n<p><a href=\"https:\/\/www.instagram.com\/marcopachiega\/\" target=\"_blank\" rel=\"noopener\"><strong>Instagram viajes<\/strong><\/a><\/p>\n<p><a href=\"https:\/\/www.instagram.com\/marco.pachiega\/\" target=\"_blank\" rel=\"noopener\"><strong>Instagram Portraits<\/strong><\/a><\/p>\n<h2>&nbsp;<\/h2>\n<h2><strong>Exposici\u00f2nes y experiencias<\/strong><\/h2>\n<h2><strong><img decoding=\"async\" class=\"wp-image-3507 alignleft lazyload\" data-src=\"https:\/\/marcopachiega.com\/besp\/wp-content\/uploads\/sites\/13\/2020\/12\/DRS_3328_B.jpg\" alt=\"\" width=\"323\" height=\"323\" data-srcset=\"https:\/\/marcopachiega.com\/besp\/wp-content\/uploads\/sites\/13\/2020\/12\/DRS_3328_B.jpg 1000w, https:\/\/marcopachiega.com\/besp\/wp-content\/uploads\/sites\/13\/2020\/12\/DRS_3328_B-744x744.jpg 744w, https:\/\/marcopachiega.com\/besp\/wp-content\/uploads\/sites\/13\/2020\/12\/DRS_3328_B-420x420.jpg 420w\" data-sizes=\"(max-width: 323px) 100vw, 323px\" src=\"data:image\/svg+xml;base64,PHN2ZyB3aWR0aD0iMSIgaGVpZ2h0PSIxIiB4bWxucz0iaHR0cDovL3d3dy53My5vcmcvMjAwMC9zdmciPjwvc3ZnPg==\" style=\"--smush-placeholder-width: 323px; --smush-placeholder-aspect-ratio: 323\/323;\" \/><\/strong><\/h2>\n<ul>\n<li><strong>Fotografo y collaborador para web <a href=\"https:\/\/www.esperienzaspagna.it\/\" target=\"_blank\" rel=\"noopener\">Esperienza Spagna<\/a><\/strong><\/li>\n<li><strong>Fotografo y collaborador para web <a href=\"https:\/\/canal150gramenet.com\/\" target=\"_blank\" rel=\"noopener\">Canal 150 Gramenet<\/a><\/strong><\/li>\n<li><strong>\u201cRaval recuenrdos y recursos\u201d Can Baste&#8217;\u201d 2018, Barcelona, Espa\u00f1a.<\/strong><\/li>\n<li><strong>Primavera fotografica Mayo 2017, proyecto \u201cMujeres de la independencia\u201d Ostra, Italia.<\/strong><\/li>\n<li><strong>Artisti all\u2019opera 2016 Ostra, Italia.<\/strong><\/li>\n<li><strong>Fiesta mayor de Gracia 2017, proyecto \u201cLands\u201d Barcelona, Espa\u00f1a.<\/strong><\/li>\n<li><strong>3\u00b7 pl. concurso fotografico Festival Celtico 2013, Montelago, Italia.&nbsp;<\/strong><\/li>\n<li><strong>Exposicion fotoperiodismo centre civic Pat\u00ec Llimona 2018, Barcelona, Espa\u00f1a.<\/strong><\/li>\n<li><strong>proyecto \u201cFrames for the common life\u201d 2015, Senigallia Italia.<\/strong><\/li>\n<\/ul>\n<h2>&nbsp;<\/h2>\n<h2><strong>Cursos y formaci\u00f2nes<\/strong><\/h2>\n<h2><img decoding=\"async\" class=\"alignright wp-image-3506 lazyload\" data-src=\"https:\/\/marcopachiega.com\/besp\/wp-content\/uploads\/sites\/13\/2020\/12\/FILE0117-1.jpg\" alt=\"Quien soy\" width=\"335\" height=\"189\" data-srcset=\"https:\/\/marcopachiega.com\/besp\/wp-content\/uploads\/sites\/13\/2020\/12\/FILE0117-1.jpg 1885w, https:\/\/marcopachiega.com\/besp\/wp-content\/uploads\/sites\/13\/2020\/12\/FILE0117-1-744x418.jpg 744w, https:\/\/marcopachiega.com\/besp\/wp-content\/uploads\/sites\/13\/2020\/12\/FILE0117-1-1200x675.jpg 1200w, https:\/\/marcopachiega.com\/besp\/wp-content\/uploads\/sites\/13\/2020\/12\/FILE0117-1-420x236.jpg 420w, https:\/\/marcopachiega.com\/besp\/wp-content\/uploads\/sites\/13\/2020\/12\/FILE0117-1-1536x864.jpg 1536w\" data-sizes=\"(max-width: 335px) 100vw, 335px\" src=\"data:image\/svg+xml;base64,PHN2ZyB3aWR0aD0iMSIgaGVpZ2h0PSIxIiB4bWxucz0iaHR0cDovL3d3dy53My5vcmcvMjAwMC9zdmciPjwvc3ZnPg==\" style=\"--smush-placeholder-width: 335px; --smush-placeholder-aspect-ratio: 335\/189;\" \/><\/h2>\n<ul>\n<li><strong>Curso de iluminaci\u00f3n y retrato en Date Cuenta, Barcelona. 2019<\/strong><\/li>\n<li><strong>Curso centre civic Pat\u00ec Llimona, Barcelona. 2017<\/strong><\/li>\n<li><strong>Fotoperiodismo Escuela Date Cuenta, Barcelona. 2017<\/strong><\/li>\n<li><strong>Proyecto \u201cFrames for the common life\u201d 2015, Senigallia, Italia.&nbsp;<\/strong><\/li>\n<li><strong>Fotografia online Shawacademy.<\/strong><\/li>\n<li><strong>Fotografia base, 2013, Ostra Vetere, Italia.<\/strong><\/li>\n<\/ul>\n<h2>&nbsp;<\/h2>\n<h2><strong>Fotografo accreditado<\/strong><\/h2>\n<p><img decoding=\"async\" class=\"wp-image-3508 alignright lazyload\" data-src=\"https:\/\/marcopachiega.com\/besp\/wp-content\/uploads\/sites\/13\/2020\/12\/IMG-20191105-WA0044.jpg\" alt=\"\" width=\"421\" height=\"316\" data-srcset=\"https:\/\/marcopachiega.com\/besp\/wp-content\/uploads\/sites\/13\/2020\/12\/IMG-20191105-WA0044.jpg 1600w, https:\/\/marcopachiega.com\/besp\/wp-content\/uploads\/sites\/13\/2020\/12\/IMG-20191105-WA0044-744x558.jpg 744w, https:\/\/marcopachiega.com\/besp\/wp-content\/uploads\/sites\/13\/2020\/12\/IMG-20191105-WA0044-1200x900.jpg 1200w, https:\/\/marcopachiega.com\/besp\/wp-content\/uploads\/sites\/13\/2020\/12\/IMG-20191105-WA0044-420x315.jpg 420w, https:\/\/marcopachiega.com\/besp\/wp-content\/uploads\/sites\/13\/2020\/12\/IMG-20191105-WA0044-1536x1152.jpg 1536w\" data-sizes=\"(max-width: 421px) 100vw, 421px\" src=\"data:image\/svg+xml;base64,PHN2ZyB3aWR0aD0iMSIgaGVpZ2h0PSIxIiB4bWxucz0iaHR0cDovL3d3dy53My5vcmcvMjAwMC9zdmciPjwvc3ZnPg==\" style=\"--smush-placeholder-width: 421px; --smush-placeholder-aspect-ratio: 421\/316;\" \/><\/p>\n<ul>\n<li><strong>Extreme Sport Sailing, 2017-2018 Barcelona<\/strong><\/li>\n<li><strong>Imagin Extreme Barcelona 2018 \u2013 International action sports<\/strong><\/li>\n<li><strong>Longines FEI Cup, 2017 Barcellona<\/strong><\/li>\n<li><strong>Free Skate Jam, 2017 Barcellona<\/strong><\/li>\n<li><strong>Regatta Puig Vela Clasica, 2018 Barcelona<\/strong><\/li>\n<li><strong>Fotografo por e-stock Alamy, Shutterstock, Dreamstime, Meero.<\/strong><\/li>\n<\/ul>\n<p><strong>&nbsp;<\/strong><\/p>\n<h2>&nbsp;<\/h2>\n<h2 style=\"text-align: left;\"><a href=\"https:\/\/marcopachiega.com\/contact\/\" target=\"_blank\" rel=\"noopener noreferrer\">Contacto<\/a><\/h2>\n<h2 style=\"text-align: center;\">&nbsp;<\/h2>\n","protected":false},"excerpt":{"rendered":"<p>QUIEN SOY Empec\u00e9 en adolescencia con una c\u00e1mara anal\u00f3gica prestada, como muchos, de mis padres. Despu\u00e9s de unos a\u00f1os de total desinter\u00e9s, gracias a un viaje a Espa\u00f1a, volv\u00ed a la fotograf\u00eda digital. De esta manera redescubr\u00ed la belleza de comunicar a trav\u00e9s de im\u00e1genes. Me apasionan los viajes, la michilas, el kayak y el trekking. Me intrigan las culturas del mundo, los lugares abandonados, los inusuales y la naturaleza. En mis art\u00edculos encontrar\u00e1s historias y lugares que despiertan mi inter\u00e9s y que se mezclan con mis sentimientos. Experto en supervivencia o simplemente amante de estar rodeado de naturaleza. Me puedes encontrar tambien en Linkedln Instagram viajes Instagram Portraits &nbsp;&hellip; <a class=\"read-more\" href=\"https:\/\/marcopachiega.com\/besp\/quien-soy\/\">Read More<\/a><\/p>\n","protected":false},"author":1,"featured_media":0,"parent":0,"menu_order":0,"comment_status":"closed","ping_status":"closed","template":"","meta":{"footnotes":""},"class_list":["post-185","page","type-page","status-publish","hentry"],"yoast_head":"<!-- This site is optimized with the Yoast SEO plugin v27.3 - https:\/\/yoast.com\/product\/yoast-seo-wordpress\/ -->\n<title>QUIEN SOY - Pachiega&#039;s blog<\/title>\n<meta name=\"description\" content=\"Quien soy. Me apasionan los viajes, las culturas del mundo, los lugares abandonados y me fascina la historia que hay detr\u00e1s.\" \/>\n<meta name=\"robots\" content=\"index, follow, max-snippet:-1, max-image-preview:large, max-video-preview:-1\" \/>\n<link rel=\"canonical\" href=\"https:\/\/marcopachiega.com\/besp\/quien-soy\/\" \/>\n<meta property=\"og:locale\" content=\"es_ES\" \/>\n<meta property=\"og:type\" content=\"article\" \/>\n<meta property=\"og:title\" content=\"QUIEN SOY - Pachiega&#039;s blog\" \/>\n<meta property=\"og:description\" content=\"Quien soy. Me apasionan los viajes, las culturas del mundo, los lugares abandonados y me fascina la historia que hay detr\u00e1s.\" \/>\n<meta property=\"og:url\" content=\"https:\/\/marcopachiega.com\/besp\/quien-soy\/\" \/>\n<meta property=\"og:site_name\" content=\"Pachiega&#039;s blog\" \/>\n<meta property=\"article:modified_time\" content=\"2022-01-05T12:11:07+00:00\" \/>\n<meta property=\"og:image\" content=\"https:\/\/marcopachiega.com\/besp\/wp-content\/uploads\/sites\/13\/2018\/12\/DSC3941.jpg\" \/>\n<meta name=\"twitter:card\" content=\"summary_large_image\" \/>\n<meta name=\"twitter:label1\" content=\"Tiempo de lectura\" \/>\n\t<meta name=\"twitter:data1\" content=\"3 minutos\" \/>\n<script type=\"application\/ld+json\" class=\"yoast-schema-graph\">{\"@context\":\"https:\\\/\\\/schema.org\",\"@graph\":[{\"@type\":\"WebPage\",\"@id\":\"https:\\\/\\\/marcopachiega.com\\\/besp\\\/quien-soy\\\/\",\"url\":\"https:\\\/\\\/marcopachiega.com\\\/besp\\\/quien-soy\\\/\",\"name\":\"QUIEN SOY - Pachiega&#039;s blog\",\"isPartOf\":{\"@id\":\"https:\\\/\\\/marcopachiega.com\\\/besp\\\/#website\"},\"primaryImageOfPage\":{\"@id\":\"https:\\\/\\\/marcopachiega.com\\\/besp\\\/quien-soy\\\/#primaryimage\"},\"image\":{\"@id\":\"https:\\\/\\\/marcopachiega.com\\\/besp\\\/quien-soy\\\/#primaryimage\"},\"thumbnailUrl\":\"https:\\\/\\\/marcopachiega.com\\\/besp\\\/wp-content\\\/uploads\\\/sites\\\/13\\\/2018\\\/12\\\/DSC3941.jpg\",\"datePublished\":\"2015-12-06T20:01:58+00:00\",\"dateModified\":\"2022-01-05T12:11:07+00:00\",\"description\":\"Quien soy. Me apasionan los viajes, las culturas del mundo, los lugares abandonados y me fascina la historia que hay detr\u00e1s.\",\"breadcrumb\":{\"@id\":\"https:\\\/\\\/marcopachiega.com\\\/besp\\\/quien-soy\\\/#breadcrumb\"},\"inLanguage\":\"es\",\"potentialAction\":[{\"@type\":\"ReadAction\",\"target\":[\"https:\\\/\\\/marcopachiega.com\\\/besp\\\/quien-soy\\\/\"]}]},{\"@type\":\"ImageObject\",\"inLanguage\":\"es\",\"@id\":\"https:\\\/\\\/marcopachiega.com\\\/besp\\\/quien-soy\\\/#primaryimage\",\"url\":\"https:\\\/\\\/marcopachiega.com\\\/besp\\\/wp-content\\\/uploads\\\/sites\\\/13\\\/2018\\\/12\\\/DSC3941.jpg\",\"contentUrl\":\"https:\\\/\\\/marcopachiega.com\\\/besp\\\/wp-content\\\/uploads\\\/sites\\\/13\\\/2018\\\/12\\\/DSC3941.jpg\",\"width\":1000,\"height\":1000},{\"@type\":\"BreadcrumbList\",\"@id\":\"https:\\\/\\\/marcopachiega.com\\\/besp\\\/quien-soy\\\/#breadcrumb\",\"itemListElement\":[{\"@type\":\"ListItem\",\"position\":1,\"name\":\"Home\",\"item\":\"https:\\\/\\\/marcopachiega.com\\\/besp\\\/\"},{\"@type\":\"ListItem\",\"position\":2,\"name\":\"QUIEN SOY\"}]},{\"@type\":\"WebSite\",\"@id\":\"https:\\\/\\\/marcopachiega.com\\\/besp\\\/#website\",\"url\":\"https:\\\/\\\/marcopachiega.com\\\/besp\\\/\",\"name\":\"Pachiega&#039;s blog\",\"description\":\"Observation post\",\"potentialAction\":[{\"@type\":\"SearchAction\",\"target\":{\"@type\":\"EntryPoint\",\"urlTemplate\":\"https:\\\/\\\/marcopachiega.com\\\/besp\\\/?s={search_term_string}\"},\"query-input\":{\"@type\":\"PropertyValueSpecification\",\"valueRequired\":true,\"valueName\":\"search_term_string\"}}],\"inLanguage\":\"es\"}]}<\/script>\n<!-- \/ Yoast SEO plugin. -->","yoast_head_json":{"title":"QUIEN SOY - Pachiega&#039;s blog","description":"Quien soy. Me apasionan los viajes, las culturas del mundo, los lugares abandonados y me fascina la historia que hay detr\u00e1s.","robots":{"index":"index","follow":"follow","max-snippet":"max-snippet:-1","max-image-preview":"max-image-preview:large","max-video-preview":"max-video-preview:-1"},"canonical":"https:\/\/marcopachiega.com\/besp\/quien-soy\/","og_locale":"es_ES","og_type":"article","og_title":"QUIEN SOY - Pachiega&#039;s blog","og_description":"Quien soy. Me apasionan los viajes, las culturas del mundo, los lugares abandonados y me fascina la historia que hay detr\u00e1s.","og_url":"https:\/\/marcopachiega.com\/besp\/quien-soy\/","og_site_name":"Pachiega&#039;s blog","article_modified_time":"2022-01-05T12:11:07+00:00","og_image":[{"url":"https:\/\/marcopachiega.com\/besp\/wp-content\/uploads\/sites\/13\/2018\/12\/DSC3941.jpg","type":"","width":"","height":""}],"twitter_card":"summary_large_image","twitter_misc":{"Tiempo de lectura":"3 minutos"},"schema":{"@context":"https:\/\/schema.org","@graph":[{"@type":"WebPage","@id":"https:\/\/marcopachiega.com\/besp\/quien-soy\/","url":"https:\/\/marcopachiega.com\/besp\/quien-soy\/","name":"QUIEN SOY - Pachiega&#039;s blog","isPartOf":{"@id":"https:\/\/marcopachiega.com\/besp\/#website"},"primaryImageOfPage":{"@id":"https:\/\/marcopachiega.com\/besp\/quien-soy\/#primaryimage"},"image":{"@id":"https:\/\/marcopachiega.com\/besp\/quien-soy\/#primaryimage"},"thumbnailUrl":"https:\/\/marcopachiega.com\/besp\/wp-content\/uploads\/sites\/13\/2018\/12\/DSC3941.jpg","datePublished":"2015-12-06T20:01:58+00:00","dateModified":"2022-01-05T12:11:07+00:00","description":"Quien soy. Me apasionan los viajes, las culturas del mundo, los lugares abandonados y me fascina la historia que hay detr\u00e1s.","breadcrumb":{"@id":"https:\/\/marcopachiega.com\/besp\/quien-soy\/#breadcrumb"},"inLanguage":"es","potentialAction":[{"@type":"ReadAction","target":["https:\/\/marcopachiega.com\/besp\/quien-soy\/"]}]},{"@type":"ImageObject","inLanguage":"es","@id":"https:\/\/marcopachiega.com\/besp\/quien-soy\/#primaryimage","url":"https:\/\/marcopachiega.com\/besp\/wp-content\/uploads\/sites\/13\/2018\/12\/DSC3941.jpg","contentUrl":"https:\/\/marcopachiega.com\/besp\/wp-content\/uploads\/sites\/13\/2018\/12\/DSC3941.jpg","width":1000,"height":1000},{"@type":"BreadcrumbList","@id":"https:\/\/marcopachiega.com\/besp\/quien-soy\/#breadcrumb","itemListElement":[{"@type":"ListItem","position":1,"name":"Home","item":"https:\/\/marcopachiega.com\/besp\/"},{"@type":"ListItem","position":2,"name":"QUIEN SOY"}]},{"@type":"WebSite","@id":"https:\/\/marcopachiega.com\/besp\/#website","url":"https:\/\/marcopachiega.com\/besp\/","name":"Pachiega&#039;s blog","description":"Observation post","potentialAction":[{"@type":"SearchAction","target":{"@type":"EntryPoint","urlTemplate":"https:\/\/marcopachiega.com\/besp\/?s={search_term_string}"},"query-input":{"@type":"PropertyValueSpecification","valueRequired":true,"valueName":"search_term_string"}}],"inLanguage":"es"}]}},"_links":{"self":[{"href":"https:\/\/marcopachiega.com\/besp\/wp-json\/wp\/v2\/pages\/185","targetHints":{"allow":["GET"]}}],"collection":[{"href":"https:\/\/marcopachiega.com\/besp\/wp-json\/wp\/v2\/pages"}],"about":[{"href":"https:\/\/marcopachiega.com\/besp\/wp-json\/wp\/v2\/types\/page"}],"author":[{"embeddable":true,"href":"https:\/\/marcopachiega.com\/besp\/wp-json\/wp\/v2\/users\/1"}],"replies":[{"embeddable":true,"href":"https:\/\/marcopachiega.com\/besp\/wp-json\/wp\/v2\/comments?post=185"}],"version-history":[{"count":0,"href":"https:\/\/marcopachiega.com\/besp\/wp-json\/wp\/v2\/pages\/185\/revisions"}],"wp:attachment":[{"href":"https:\/\/marcopachiega.com\/besp\/wp-json\/wp\/v2\/media?parent=185"}],"curies":[{"name":"wp","href":"https:\/\/api.w.org\/{rel}","templated":true}]}}