{"id":2255,"date":"2018-07-18T11:53:42","date_gmt":"2018-07-18T11:53:42","guid":{"rendered":"http:\/\/marcopachiega.com\/marcopachiega-2\/?page_id=2255"},"modified":"2024-02-14T11:50:52","modified_gmt":"2024-02-14T11:50:52","slug":"viajes-y-otras-historias","status":"publish","type":"page","link":"https:\/\/marcopachiega.com\/besp\/","title":{"rendered":"Viajes y otras historias"},"content":{"rendered":"<p style=\"text-align: center;\"><div class=\"pt-cv-wrapper\"><div class=\"pt-cv-view pt-cv-grid pt-cv-colsys\" id=\"pt-cv-view-af97d5adkw\"><div data-id=\"pt-cv-page-1\" class=\"pt-cv-page\" data-cvc=\"4\"><div class=\"col-md-3 col-sm-6 col-xs-12 pt-cv-content-item pt-cv-1-col\" ><div class='pt-cv-ifield'><a href=\"https:\/\/marcopachiega.com\/besp\/asturias-en-kayak\/\" class=\"_self pt-cv-href-thumbnail pt-cv-thumb-default\" target=\"_self\" ><img fetchpriority=\"high\" decoding=\"async\" width=\"744\" height=\"558\" src=\"https:\/\/marcopachiega.com\/besp\/wp-content\/uploads\/sites\/13\/2023\/10\/2023-10-12-12.41.41-744x558.jpg\" class=\"pt-cv-thumbnail\" alt=\"\" srcset=\"https:\/\/marcopachiega.com\/besp\/wp-content\/uploads\/sites\/13\/2023\/10\/2023-10-12-12.41.41-744x558.jpg 744w, https:\/\/marcopachiega.com\/besp\/wp-content\/uploads\/sites\/13\/2023\/10\/2023-10-12-12.41.41-420x315.jpg 420w, https:\/\/marcopachiega.com\/besp\/wp-content\/uploads\/sites\/13\/2023\/10\/2023-10-12-12.41.41.jpg 1154w\" sizes=\"(max-width: 744px) 100vw, 744px\" \/><\/a>\n<h4 class=\"pt-cv-title\"><a href=\"https:\/\/marcopachiega.com\/besp\/asturias-en-kayak\/\" class=\"_self\" target=\"_self\" >Asturias en Kayak<\/a><\/h4>\n<div class=\"pt-cv-content\">Asturias en Kayak Una ruta en kayak diferente, una excursi\u00f3n en medio del mar cant\u00e1brico explorando cuevas y admirando los ...<br \/><div class=\"pt-cv-rmwrap\"><a href=\"https:\/\/marcopachiega.com\/besp\/asturias-en-kayak\/\" class=\"_self pt-cv-readmore btn btn-success\" target=\"_self\">Leer todo<\/a><\/div><\/div><\/div><\/div>\n<div class=\"col-md-3 col-sm-6 col-xs-12 pt-cv-content-item pt-cv-1-col\" ><div class='pt-cv-ifield'><a href=\"https:\/\/marcopachiega.com\/besp\/el-camino-a-portixol\/\" class=\"_self pt-cv-href-thumbnail pt-cv-thumb-default\" target=\"_self\" ><img decoding=\"async\" width=\"744\" height=\"496\" data-src=\"https:\/\/marcopachiega.com\/besp\/wp-content\/uploads\/sites\/13\/2023\/09\/DSC6764-744x496.jpg\" class=\"pt-cv-thumbnail lazyload\" alt=\"\" data-srcset=\"https:\/\/marcopachiega.com\/besp\/wp-content\/uploads\/sites\/13\/2023\/09\/DSC6764-744x496.jpg 744w, https:\/\/marcopachiega.com\/besp\/wp-content\/uploads\/sites\/13\/2023\/09\/DSC6764-1200x800.jpg 1200w, https:\/\/marcopachiega.com\/besp\/wp-content\/uploads\/sites\/13\/2023\/09\/DSC6764-420x280.jpg 420w, https:\/\/marcopachiega.com\/besp\/wp-content\/uploads\/sites\/13\/2023\/09\/DSC6764.jpg 1224w\" data-sizes=\"(max-width: 744px) 100vw, 744px\" src=\"data:image\/svg+xml;base64,PHN2ZyB3aWR0aD0iMSIgaGVpZ2h0PSIxIiB4bWxucz0iaHR0cDovL3d3dy53My5vcmcvMjAwMC9zdmciPjwvc3ZnPg==\" style=\"--smush-placeholder-width: 744px; --smush-placeholder-aspect-ratio: 744\/496;\" \/><\/a>\n<h4 class=\"pt-cv-title\"><a href=\"https:\/\/marcopachiega.com\/besp\/el-camino-a-portixol\/\" class=\"_self\" target=\"_self\" >El camino a Portixol<\/a><\/h4>\n<div class=\"pt-cv-content\">El camino a Portixol Una playa perdida en la zona m\u00e1s salvaje de la isla La costa norte de Ibiza ...<br \/><div class=\"pt-cv-rmwrap\"><a href=\"https:\/\/marcopachiega.com\/besp\/el-camino-a-portixol\/\" class=\"_self pt-cv-readmore btn btn-success\" target=\"_self\">Leer todo<\/a><\/div><\/div><\/div><\/div>\n<div class=\"col-md-3 col-sm-6 col-xs-12 pt-cv-content-item pt-cv-1-col\" ><div class='pt-cv-ifield'><a href=\"https:\/\/marcopachiega.com\/besp\/el-camino-de-martorell-subiendo-por-el-llobregat\/\" class=\"_self pt-cv-href-thumbnail pt-cv-thumb-default\" target=\"_self\" ><img decoding=\"async\" width=\"744\" height=\"496\" data-src=\"https:\/\/marcopachiega.com\/besp\/wp-content\/uploads\/sites\/13\/2023\/06\/DSC8340-744x496.jpg\" class=\"pt-cv-thumbnail lazyload\" alt=\"\" data-srcset=\"https:\/\/marcopachiega.com\/besp\/wp-content\/uploads\/sites\/13\/2023\/06\/DSC8340-744x496.jpg 744w, https:\/\/marcopachiega.com\/besp\/wp-content\/uploads\/sites\/13\/2023\/06\/DSC8340-1200x800.jpg 1200w, https:\/\/marcopachiega.com\/besp\/wp-content\/uploads\/sites\/13\/2023\/06\/DSC8340-420x280.jpg 420w, https:\/\/marcopachiega.com\/besp\/wp-content\/uploads\/sites\/13\/2023\/06\/DSC8340.jpg 1224w\" data-sizes=\"(max-width: 744px) 100vw, 744px\" src=\"data:image\/svg+xml;base64,PHN2ZyB3aWR0aD0iMSIgaGVpZ2h0PSIxIiB4bWxucz0iaHR0cDovL3d3dy53My5vcmcvMjAwMC9zdmciPjwvc3ZnPg==\" style=\"--smush-placeholder-width: 744px; --smush-placeholder-aspect-ratio: 744\/496;\" \/><\/a>\n<h4 class=\"pt-cv-title\"><a href=\"https:\/\/marcopachiega.com\/besp\/el-camino-de-martorell-subiendo-por-el-llobregat\/\" class=\"_self\" target=\"_self\" >El camino de Martorell subiendo por el Llobregat<\/a><\/h4>\n<div class=\"pt-cv-content\">El camino de Martorell subiendo por el Llobregat La via en bici para llegar al puente del diablo a lo ...<br \/><div class=\"pt-cv-rmwrap\"><a href=\"https:\/\/marcopachiega.com\/besp\/el-camino-de-martorell-subiendo-por-el-llobregat\/\" class=\"_self pt-cv-readmore btn btn-success\" target=\"_self\">Leer todo<\/a><\/div><\/div><\/div><\/div>\n<div class=\"col-md-3 col-sm-6 col-xs-12 pt-cv-content-item pt-cv-1-col\" ><div class='pt-cv-ifield'><a href=\"https:\/\/marcopachiega.com\/besp\/barcelona-la-garriga-remontando-el-rio-besos\/\" class=\"_self pt-cv-href-thumbnail pt-cv-thumb-default\" target=\"_self\" ><img decoding=\"async\" width=\"744\" height=\"496\" data-src=\"https:\/\/marcopachiega.com\/besp\/wp-content\/uploads\/sites\/13\/2023\/06\/otras-3-744x496.jpg\" class=\"pt-cv-thumbnail lazyload\" alt=\"remontando el r\u00edo Bes\u00f2s\" data-srcset=\"https:\/\/marcopachiega.com\/besp\/wp-content\/uploads\/sites\/13\/2023\/06\/otras-3-744x496.jpg 744w, https:\/\/marcopachiega.com\/besp\/wp-content\/uploads\/sites\/13\/2023\/06\/otras-3-1200x800.jpg 1200w, https:\/\/marcopachiega.com\/besp\/wp-content\/uploads\/sites\/13\/2023\/06\/otras-3-420x280.jpg 420w, https:\/\/marcopachiega.com\/besp\/wp-content\/uploads\/sites\/13\/2023\/06\/otras-3.jpg 1224w\" data-sizes=\"(max-width: 744px) 100vw, 744px\" src=\"data:image\/svg+xml;base64,PHN2ZyB3aWR0aD0iMSIgaGVpZ2h0PSIxIiB4bWxucz0iaHR0cDovL3d3dy53My5vcmcvMjAwMC9zdmciPjwvc3ZnPg==\" style=\"--smush-placeholder-width: 744px; --smush-placeholder-aspect-ratio: 744\/496;\" \/><\/a>\n<h4 class=\"pt-cv-title\"><a href=\"https:\/\/marcopachiega.com\/besp\/barcelona-la-garriga-remontando-el-rio-besos\/\" class=\"_self\" target=\"_self\" >Barcelona &#8211; La Garriga remontando el r\u00edo Bes\u00f2s<\/a><\/h4>\n<div class=\"pt-cv-content\">Barcelona - La Garriga remontando el r\u00edo Bes\u00f2s Un carril bici de unos 40 km entre vegetaci\u00f3n, agua y urbanizaci\u00f3n ...<br \/><div class=\"pt-cv-rmwrap\"><a href=\"https:\/\/marcopachiega.com\/besp\/barcelona-la-garriga-remontando-el-rio-besos\/\" class=\"_self pt-cv-readmore btn btn-success\" target=\"_self\">Leer todo<\/a><\/div><\/div><\/div><\/div>\n<div class=\"col-md-3 col-sm-6 col-xs-12 pt-cv-content-item pt-cv-1-col\" ><div class='pt-cv-ifield'><a href=\"https:\/\/marcopachiega.com\/besp\/excursion-al-parc-dels-talls\/\" class=\"_self pt-cv-href-thumbnail pt-cv-thumb-default\" target=\"_self\" ><img decoding=\"async\" width=\"744\" height=\"496\" data-src=\"https:\/\/marcopachiega.com\/besp\/wp-content\/uploads\/sites\/13\/2023\/04\/DSC7838-744x496.jpg\" class=\"pt-cv-thumbnail lazyload\" alt=\"Excursi\u00f3n al Parc dels Talls\" data-srcset=\"https:\/\/marcopachiega.com\/besp\/wp-content\/uploads\/sites\/13\/2023\/04\/DSC7838-744x496.jpg 744w, https:\/\/marcopachiega.com\/besp\/wp-content\/uploads\/sites\/13\/2023\/04\/DSC7838-1200x800.jpg 1200w, https:\/\/marcopachiega.com\/besp\/wp-content\/uploads\/sites\/13\/2023\/04\/DSC7838-420x280.jpg 420w, https:\/\/marcopachiega.com\/besp\/wp-content\/uploads\/sites\/13\/2023\/04\/DSC7838.jpg 1224w\" data-sizes=\"(max-width: 744px) 100vw, 744px\" src=\"data:image\/svg+xml;base64,PHN2ZyB3aWR0aD0iMSIgaGVpZ2h0PSIxIiB4bWxucz0iaHR0cDovL3d3dy53My5vcmcvMjAwMC9zdmciPjwvc3ZnPg==\" style=\"--smush-placeholder-width: 744px; --smush-placeholder-aspect-ratio: 744\/496;\" \/><\/a>\n<h4 class=\"pt-cv-title\"><a href=\"https:\/\/marcopachiega.com\/besp\/excursion-al-parc-dels-talls\/\" class=\"_self\" target=\"_self\" >Excursi\u00f3n al Parc dels Talls<\/a><\/h4>\n<div class=\"pt-cv-content\">Excursi\u00f3n al Parc dels Talls Un parque donde la pasada intervenci\u00f3n humana y la naturaleza se han fusionado para crear ...<br \/><div class=\"pt-cv-rmwrap\"><a href=\"https:\/\/marcopachiega.com\/besp\/excursion-al-parc-dels-talls\/\" class=\"_self pt-cv-readmore btn btn-success\" target=\"_self\">Leer todo<\/a><\/div><\/div><\/div><\/div>\n<div class=\"col-md-3 col-sm-6 col-xs-12 pt-cv-content-item pt-cv-1-col\" ><div class='pt-cv-ifield'><a href=\"https:\/\/marcopachiega.com\/besp\/museos-y-ferias-gratis-en-la-rambla\/\" class=\"_self pt-cv-href-thumbnail pt-cv-thumb-default\" target=\"_self\" ><img decoding=\"async\" width=\"744\" height=\"496\" data-src=\"https:\/\/marcopachiega.com\/besp\/wp-content\/uploads\/sites\/13\/2022\/12\/Bollywood-Indian_Hero_-3892-744x496.jpg\" class=\"pt-cv-thumbnail lazyload\" alt=\"\" data-srcset=\"https:\/\/marcopachiega.com\/besp\/wp-content\/uploads\/sites\/13\/2022\/12\/Bollywood-Indian_Hero_-3892-744x496.jpg 744w, https:\/\/marcopachiega.com\/besp\/wp-content\/uploads\/sites\/13\/2022\/12\/Bollywood-Indian_Hero_-3892-1200x800.jpg 1200w, https:\/\/marcopachiega.com\/besp\/wp-content\/uploads\/sites\/13\/2022\/12\/Bollywood-Indian_Hero_-3892-420x280.jpg 420w, https:\/\/marcopachiega.com\/besp\/wp-content\/uploads\/sites\/13\/2022\/12\/Bollywood-Indian_Hero_-3892.jpg 1224w\" data-sizes=\"(max-width: 744px) 100vw, 744px\" src=\"data:image\/svg+xml;base64,PHN2ZyB3aWR0aD0iMSIgaGVpZ2h0PSIxIiB4bWxucz0iaHR0cDovL3d3dy53My5vcmcvMjAwMC9zdmciPjwvc3ZnPg==\" style=\"--smush-placeholder-width: 744px; --smush-placeholder-aspect-ratio: 744\/496;\" \/><\/a>\n<h4 class=\"pt-cv-title\"><a href=\"https:\/\/marcopachiega.com\/besp\/museos-y-ferias-gratis-en-la-rambla\/\" class=\"_self\" target=\"_self\" >Museos y ferias gratis en la Rambla<\/a><\/h4>\n<div class=\"pt-cv-content\">Museos y ferias gratis en la Rambla Parte 1. Entre caos, sangr\u00eda y tapas, la calle m\u00e1s famosa de Barcelona ...<br \/><div class=\"pt-cv-rmwrap\"><a href=\"https:\/\/marcopachiega.com\/besp\/museos-y-ferias-gratis-en-la-rambla\/\" class=\"_self pt-cv-readmore btn btn-success\" target=\"_self\">Leer todo<\/a><\/div><\/div><\/div><\/div>\n<div class=\"col-md-3 col-sm-6 col-xs-12 pt-cv-content-item pt-cv-1-col\" ><div class='pt-cv-ifield'><a href=\"https:\/\/marcopachiega.com\/besp\/la-casita-de-los-gnomos\/\" class=\"_self pt-cv-href-thumbnail pt-cv-thumb-default\" target=\"_self\" ><img decoding=\"async\" width=\"744\" height=\"496\" data-src=\"https:\/\/marcopachiega.com\/besp\/wp-content\/uploads\/sites\/13\/2022\/11\/DSC3243-744x496.jpg\" class=\"pt-cv-thumbnail lazyload\" alt=\"\" data-srcset=\"https:\/\/marcopachiega.com\/besp\/wp-content\/uploads\/sites\/13\/2022\/11\/DSC3243-744x496.jpg 744w, https:\/\/marcopachiega.com\/besp\/wp-content\/uploads\/sites\/13\/2022\/11\/DSC3243-1200x800.jpg 1200w, https:\/\/marcopachiega.com\/besp\/wp-content\/uploads\/sites\/13\/2022\/11\/DSC3243-420x280.jpg 420w, https:\/\/marcopachiega.com\/besp\/wp-content\/uploads\/sites\/13\/2022\/11\/DSC3243.jpg 1224w\" data-sizes=\"(max-width: 744px) 100vw, 744px\" src=\"data:image\/svg+xml;base64,PHN2ZyB3aWR0aD0iMSIgaGVpZ2h0PSIxIiB4bWxucz0iaHR0cDovL3d3dy53My5vcmcvMjAwMC9zdmciPjwvc3ZnPg==\" style=\"--smush-placeholder-width: 744px; --smush-placeholder-aspect-ratio: 744\/496;\" \/><\/a>\n<h4 class=\"pt-cv-title\"><a href=\"https:\/\/marcopachiega.com\/besp\/la-casita-de-los-gnomos\/\" class=\"_self\" target=\"_self\" >La casita de los gnomos<\/a><\/h4>\n<div class=\"pt-cv-content\">La casita de los gnomos Un espacio muy especial dedicado a la fantas\u00eda y a los personajes t\u00edpicos de los ...<br \/><div class=\"pt-cv-rmwrap\"><a href=\"https:\/\/marcopachiega.com\/besp\/la-casita-de-los-gnomos\/\" class=\"_self pt-cv-readmore btn btn-success\" target=\"_self\">Leer todo<\/a><\/div><\/div><\/div><\/div>\n<div class=\"col-md-3 col-sm-6 col-xs-12 pt-cv-content-item pt-cv-1-col\" ><div class='pt-cv-ifield'><a href=\"https:\/\/marcopachiega.com\/besp\/el-buzon-mas-sarcastico-de-barcelona\/\" class=\"_self pt-cv-href-thumbnail pt-cv-thumb-default\" target=\"_self\" ><img decoding=\"async\" width=\"744\" height=\"496\" data-src=\"https:\/\/marcopachiega.com\/besp\/wp-content\/uploads\/sites\/13\/2021\/12\/Hanna-Sushi_hero_-7541-744x496.jpg\" class=\"pt-cv-thumbnail lazyload\" alt=\"\" data-srcset=\"https:\/\/marcopachiega.com\/besp\/wp-content\/uploads\/sites\/13\/2021\/12\/Hanna-Sushi_hero_-7541-744x496.jpg 744w, https:\/\/marcopachiega.com\/besp\/wp-content\/uploads\/sites\/13\/2021\/12\/Hanna-Sushi_hero_-7541-1200x800.jpg 1200w, https:\/\/marcopachiega.com\/besp\/wp-content\/uploads\/sites\/13\/2021\/12\/Hanna-Sushi_hero_-7541-420x280.jpg 420w, https:\/\/marcopachiega.com\/besp\/wp-content\/uploads\/sites\/13\/2021\/12\/Hanna-Sushi_hero_-7541.jpg 1224w\" data-sizes=\"(max-width: 744px) 100vw, 744px\" src=\"data:image\/svg+xml;base64,PHN2ZyB3aWR0aD0iMSIgaGVpZ2h0PSIxIiB4bWxucz0iaHR0cDovL3d3dy53My5vcmcvMjAwMC9zdmciPjwvc3ZnPg==\" style=\"--smush-placeholder-width: 744px; --smush-placeholder-aspect-ratio: 744\/496;\" \/><\/a>\n<h4 class=\"pt-cv-title\"><a href=\"https:\/\/marcopachiega.com\/besp\/el-buzon-mas-sarcastico-de-barcelona\/\" class=\"_self\" target=\"_self\" >El buz\u00f3n m\u00e1s sarc\u00e1stico de Barcelona<\/a><\/h4>\n<div class=\"pt-cv-content\">El buz\u00f3n m\u00e1s sarc\u00e1stico de Barcelona Un detalle inmerso en el frenes\u00ed del barrio g\u00f3tico El aire de fiesta y ...<br \/><div class=\"pt-cv-rmwrap\"><a href=\"https:\/\/marcopachiega.com\/besp\/el-buzon-mas-sarcastico-de-barcelona\/\" class=\"_self pt-cv-readmore btn btn-success\" target=\"_self\">Leer todo<\/a><\/div><\/div><\/div><\/div>\n<div class=\"col-md-3 col-sm-6 col-xs-12 pt-cv-content-item pt-cv-1-col\" ><div class='pt-cv-ifield'><a href=\"https:\/\/marcopachiega.com\/besp\/cofete-la-frontera-con-el-fin-del-mundo\/\" class=\"_self pt-cv-href-thumbnail pt-cv-thumb-default\" target=\"_self\" ><img decoding=\"async\" width=\"744\" height=\"496\" data-src=\"https:\/\/marcopachiega.com\/besp\/wp-content\/uploads\/sites\/13\/2021\/10\/DSC2064-1-744x496.jpg\" class=\"pt-cv-thumbnail lazyload\" alt=\"\" data-srcset=\"https:\/\/marcopachiega.com\/besp\/wp-content\/uploads\/sites\/13\/2021\/10\/DSC2064-1-744x496.jpg 744w, https:\/\/marcopachiega.com\/besp\/wp-content\/uploads\/sites\/13\/2021\/10\/DSC2064-1-1200x800.jpg 1200w, https:\/\/marcopachiega.com\/besp\/wp-content\/uploads\/sites\/13\/2021\/10\/DSC2064-1-420x280.jpg 420w, https:\/\/marcopachiega.com\/besp\/wp-content\/uploads\/sites\/13\/2021\/10\/DSC2064-1.jpg 1224w\" data-sizes=\"(max-width: 744px) 100vw, 744px\" src=\"data:image\/svg+xml;base64,PHN2ZyB3aWR0aD0iMSIgaGVpZ2h0PSIxIiB4bWxucz0iaHR0cDovL3d3dy53My5vcmcvMjAwMC9zdmciPjwvc3ZnPg==\" style=\"--smush-placeholder-width: 744px; --smush-placeholder-aspect-ratio: 744\/496;\" \/><\/a>\n<h4 class=\"pt-cv-title\"><a href=\"https:\/\/marcopachiega.com\/besp\/cofete-la-frontera-con-el-fin-del-mundo\/\" class=\"_self\" target=\"_self\" >Cofete, la frontera con el fin del mundo<\/a><\/h4>\n<div class=\"pt-cv-content\">Cofete, la frontera con el fin del mundo Entre un oc\u00e9ano embravecido y monta\u00f1as austeras se encuentra un peque\u00f1o pueblo ...<br \/><div class=\"pt-cv-rmwrap\"><a href=\"https:\/\/marcopachiega.com\/besp\/cofete-la-frontera-con-el-fin-del-mundo\/\" class=\"_self pt-cv-readmore btn btn-success\" target=\"_self\">Leer todo<\/a><\/div><\/div><\/div><\/div>\n<div class=\"col-md-3 col-sm-6 col-xs-12 pt-cv-content-item pt-cv-1-col\" ><div class='pt-cv-ifield'><a href=\"https:\/\/marcopachiega.com\/besp\/trekking-a-la-bahia-de-albarca\/\" class=\"_self pt-cv-href-thumbnail pt-cv-thumb-default\" target=\"_self\" ><img decoding=\"async\" width=\"744\" height=\"364\" data-src=\"https:\/\/marcopachiega.com\/besp\/wp-content\/uploads\/sites\/13\/2021\/10\/DSC4824-1366x911-1-e1707911205694-744x364.jpg\" class=\"pt-cv-thumbnail lazyload\" alt=\"\" data-srcset=\"https:\/\/marcopachiega.com\/besp\/wp-content\/uploads\/sites\/13\/2021\/10\/DSC4824-1366x911-1-e1707911205694-744x364.jpg 744w, https:\/\/marcopachiega.com\/besp\/wp-content\/uploads\/sites\/13\/2021\/10\/DSC4824-1366x911-1-e1707911205694-1200x587.jpg 1200w, https:\/\/marcopachiega.com\/besp\/wp-content\/uploads\/sites\/13\/2021\/10\/DSC4824-1366x911-1-e1707911205694-420x206.jpg 420w, https:\/\/marcopachiega.com\/besp\/wp-content\/uploads\/sites\/13\/2021\/10\/DSC4824-1366x911-1-e1707911205694.jpg 1224w\" data-sizes=\"(max-width: 744px) 100vw, 744px\" src=\"data:image\/svg+xml;base64,PHN2ZyB3aWR0aD0iMSIgaGVpZ2h0PSIxIiB4bWxucz0iaHR0cDovL3d3dy53My5vcmcvMjAwMC9zdmciPjwvc3ZnPg==\" style=\"--smush-placeholder-width: 744px; --smush-placeholder-aspect-ratio: 744\/364;\" \/><\/a>\n<h4 class=\"pt-cv-title\"><a href=\"https:\/\/marcopachiega.com\/besp\/trekking-a-la-bahia-de-albarca\/\" class=\"_self\" target=\"_self\" >Trekking a la bah\u00eda de Albarca<\/a><\/h4>\n<div class=\"pt-cv-content\">Trekking a la bah\u00eda de Albarca Perdido en la costa norte, un antiguo camino da testimonio de la vida sencilla ...<br \/><div class=\"pt-cv-rmwrap\"><a href=\"https:\/\/marcopachiega.com\/besp\/trekking-a-la-bahia-de-albarca\/\" class=\"_self pt-cv-readmore btn btn-success\" target=\"_self\">Leer todo<\/a><\/div><\/div><\/div><\/div>\n<div class=\"col-md-3 col-sm-6 col-xs-12 pt-cv-content-item pt-cv-1-col\" ><div class='pt-cv-ifield'><a href=\"https:\/\/marcopachiega.com\/besp\/el-inmenso-paisaje-de-cala-dalbarca\/\" class=\"_self pt-cv-href-thumbnail pt-cv-thumb-default\" target=\"_self\" ><img decoding=\"async\" width=\"744\" height=\"496\" data-src=\"https:\/\/marcopachiega.com\/besp\/wp-content\/uploads\/sites\/13\/2021\/10\/DSC4659-744x496.jpg\" class=\"pt-cv-thumbnail lazyload\" alt=\"\" data-srcset=\"https:\/\/marcopachiega.com\/besp\/wp-content\/uploads\/sites\/13\/2021\/10\/DSC4659-744x496.jpg 744w, https:\/\/marcopachiega.com\/besp\/wp-content\/uploads\/sites\/13\/2021\/10\/DSC4659-1200x800.jpg 1200w, https:\/\/marcopachiega.com\/besp\/wp-content\/uploads\/sites\/13\/2021\/10\/DSC4659-420x280.jpg 420w, https:\/\/marcopachiega.com\/besp\/wp-content\/uploads\/sites\/13\/2021\/10\/DSC4659.jpg 1224w\" data-sizes=\"(max-width: 744px) 100vw, 744px\" src=\"data:image\/svg+xml;base64,PHN2ZyB3aWR0aD0iMSIgaGVpZ2h0PSIxIiB4bWxucz0iaHR0cDovL3d3dy53My5vcmcvMjAwMC9zdmciPjwvc3ZnPg==\" style=\"--smush-placeholder-width: 744px; --smush-placeholder-aspect-ratio: 744\/496;\" \/><\/a>\n<h4 class=\"pt-cv-title\"><a href=\"https:\/\/marcopachiega.com\/besp\/el-inmenso-paisaje-de-cala-dalbarca\/\" class=\"_self\" target=\"_self\" >El inmenso paisaje de Cala d&#8217;Albarca<\/a><\/h4>\n<div class=\"pt-cv-content\">El inmenso paisaje de Cala d'Albarca Un rinc\u00f3n de la isla donde las fuerzas del viento y el mar te ...<br \/><div class=\"pt-cv-rmwrap\"><a href=\"https:\/\/marcopachiega.com\/besp\/el-inmenso-paisaje-de-cala-dalbarca\/\" class=\"_self pt-cv-readmore btn btn-success\" target=\"_self\">Leer todo<\/a><\/div><\/div><\/div><\/div>\n<div class=\"col-md-3 col-sm-6 col-xs-12 pt-cv-content-item pt-cv-1-col\" ><div class='pt-cv-ifield'><a href=\"https:\/\/marcopachiega.com\/besp\/atlantis-la-salvaje-y-fascinante-cantera-ibicenca\/\" class=\"_self pt-cv-href-thumbnail pt-cv-thumb-default\" target=\"_self\" ><img decoding=\"async\" width=\"744\" height=\"496\" data-src=\"https:\/\/marcopachiega.com\/besp\/wp-content\/uploads\/sites\/13\/2021\/04\/DSC4014-744x496.jpg\" class=\"pt-cv-thumbnail lazyload\" alt=\"\" data-srcset=\"https:\/\/marcopachiega.com\/besp\/wp-content\/uploads\/sites\/13\/2021\/04\/DSC4014-744x496.jpg 744w, https:\/\/marcopachiega.com\/besp\/wp-content\/uploads\/sites\/13\/2021\/04\/DSC4014-1200x800.jpg 1200w, https:\/\/marcopachiega.com\/besp\/wp-content\/uploads\/sites\/13\/2021\/04\/DSC4014-420x280.jpg 420w, https:\/\/marcopachiega.com\/besp\/wp-content\/uploads\/sites\/13\/2021\/04\/DSC4014.jpg 1224w\" data-sizes=\"(max-width: 744px) 100vw, 744px\" src=\"data:image\/svg+xml;base64,PHN2ZyB3aWR0aD0iMSIgaGVpZ2h0PSIxIiB4bWxucz0iaHR0cDovL3d3dy53My5vcmcvMjAwMC9zdmciPjwvc3ZnPg==\" style=\"--smush-placeholder-width: 744px; --smush-placeholder-aspect-ratio: 744\/496;\" \/><\/a>\n<h4 class=\"pt-cv-title\"><a href=\"https:\/\/marcopachiega.com\/besp\/atlantis-la-salvaje-y-fascinante-cantera-ibicenca\/\" class=\"_self\" target=\"_self\" >Atlantis, la salvaje y fascinante cantera ibicenca<\/a><\/h4>\n<div class=\"pt-cv-content\">Atlantis, la salvaje y fascinante cantera ibicenca Un lugar \u00fanico rico en historia donde contemplar la magia de la isla ...<br \/><div class=\"pt-cv-rmwrap\"><a href=\"https:\/\/marcopachiega.com\/besp\/atlantis-la-salvaje-y-fascinante-cantera-ibicenca\/\" class=\"_self pt-cv-readmore btn btn-success\" target=\"_self\">Leer todo<\/a><\/div><\/div><\/div><\/div>\n<div class=\"col-md-3 col-sm-6 col-xs-12 pt-cv-content-item pt-cv-1-col\" ><div class='pt-cv-ifield'><a href=\"https:\/\/marcopachiega.com\/besp\/la-fuente-publica-de-portaferrissa\/\" class=\"_self pt-cv-href-thumbnail pt-cv-thumb-default\" target=\"_self\" ><img decoding=\"async\" width=\"744\" height=\"496\" data-src=\"https:\/\/marcopachiega.com\/besp\/wp-content\/uploads\/sites\/13\/2021\/02\/DSC3937-Edit-744x496.jpg\" class=\"pt-cv-thumbnail lazyload\" alt=\"\" data-srcset=\"https:\/\/marcopachiega.com\/besp\/wp-content\/uploads\/sites\/13\/2021\/02\/DSC3937-Edit-744x496.jpg 744w, https:\/\/marcopachiega.com\/besp\/wp-content\/uploads\/sites\/13\/2021\/02\/DSC3937-Edit-1200x800.jpg 1200w, https:\/\/marcopachiega.com\/besp\/wp-content\/uploads\/sites\/13\/2021\/02\/DSC3937-Edit-420x280.jpg 420w, https:\/\/marcopachiega.com\/besp\/wp-content\/uploads\/sites\/13\/2021\/02\/DSC3937-Edit.jpg 1224w\" data-sizes=\"(max-width: 744px) 100vw, 744px\" src=\"data:image\/svg+xml;base64,PHN2ZyB3aWR0aD0iMSIgaGVpZ2h0PSIxIiB4bWxucz0iaHR0cDovL3d3dy53My5vcmcvMjAwMC9zdmciPjwvc3ZnPg==\" style=\"--smush-placeholder-width: 744px; --smush-placeholder-aspect-ratio: 744\/496;\" \/><\/a>\n<h4 class=\"pt-cv-title\"><a href=\"https:\/\/marcopachiega.com\/besp\/la-fuente-publica-de-portaferrissa\/\" class=\"_self\" target=\"_self\" >La fuente p\u00fablica de Portaferrissa<\/a><\/h4>\n<div class=\"pt-cv-content\">La fuente p\u00fablica de Portaferrissa La vida cerca de una de las entradas m\u00e1s famosas de Barcelona La ciudad donde ...<br \/><div class=\"pt-cv-rmwrap\"><a href=\"https:\/\/marcopachiega.com\/besp\/la-fuente-publica-de-portaferrissa\/\" class=\"_self pt-cv-readmore btn btn-success\" target=\"_self\">Leer todo<\/a><\/div><\/div><\/div><\/div>\n<div class=\"col-md-3 col-sm-6 col-xs-12 pt-cv-content-item pt-cv-1-col\" ><div class='pt-cv-ifield'><a href=\"https:\/\/marcopachiega.com\/besp\/hotel-casino-arabassada\/\" class=\"_self pt-cv-href-thumbnail pt-cv-thumb-default\" target=\"_self\" ><img decoding=\"async\" width=\"744\" height=\"1116\" data-src=\"https:\/\/marcopachiega.com\/besp\/wp-content\/uploads\/sites\/13\/2021\/01\/DSC2736-744x1116.jpg\" class=\"pt-cv-thumbnail lazyload\" alt=\"\" data-srcset=\"https:\/\/marcopachiega.com\/besp\/wp-content\/uploads\/sites\/13\/2021\/01\/DSC2736-744x1116.jpg 744w, https:\/\/marcopachiega.com\/besp\/wp-content\/uploads\/sites\/13\/2021\/01\/DSC2736-280x420.jpg 280w, https:\/\/marcopachiega.com\/besp\/wp-content\/uploads\/sites\/13\/2021\/01\/DSC2736-e1610152803957.jpg 400w\" data-sizes=\"(max-width: 744px) 100vw, 744px\" src=\"data:image\/svg+xml;base64,PHN2ZyB3aWR0aD0iMSIgaGVpZ2h0PSIxIiB4bWxucz0iaHR0cDovL3d3dy53My5vcmcvMjAwMC9zdmciPjwvc3ZnPg==\" style=\"--smush-placeholder-width: 744px; --smush-placeholder-aspect-ratio: 744\/1116;\" \/><\/a>\n<h4 class=\"pt-cv-title\"><a href=\"https:\/\/marcopachiega.com\/besp\/hotel-casino-arabassada\/\" class=\"_self\" target=\"_self\" >Hotel Casino la Rabassada<\/a><\/h4>\n<div class=\"pt-cv-content\">Hotel Casino la Rabassada Las ruinas de un majestuoso Hotel Casino son testigos de una historia turbulenta y leyendas macabras ...<br \/><div class=\"pt-cv-rmwrap\"><a href=\"https:\/\/marcopachiega.com\/besp\/hotel-casino-arabassada\/\" class=\"_self pt-cv-readmore btn btn-success\" target=\"_self\">Leer todo<\/a><\/div><\/div><\/div><\/div>\n<div class=\"col-md-3 col-sm-6 col-xs-12 pt-cv-content-item pt-cv-1-col\" ><div class='pt-cv-ifield'><a href=\"https:\/\/marcopachiega.com\/besp\/numeros-misteriosos-en-barcelona\/\" class=\"_self pt-cv-href-thumbnail pt-cv-thumb-default\" target=\"_self\" ><img decoding=\"async\" width=\"744\" height=\"996\" data-src=\"https:\/\/marcopachiega.com\/besp\/wp-content\/uploads\/sites\/13\/2020\/11\/IMG_20201123_120201_750-744x996.jpg\" class=\"pt-cv-thumbnail lazyload\" alt=\"\" data-srcset=\"https:\/\/marcopachiega.com\/besp\/wp-content\/uploads\/sites\/13\/2020\/11\/IMG_20201123_120201_750-744x996.jpg 744w, https:\/\/marcopachiega.com\/besp\/wp-content\/uploads\/sites\/13\/2020\/11\/IMG_20201123_120201_750-314x420.jpg 314w, https:\/\/marcopachiega.com\/besp\/wp-content\/uploads\/sites\/13\/2020\/11\/IMG_20201123_120201_750.jpg 864w\" data-sizes=\"(max-width: 744px) 100vw, 744px\" src=\"data:image\/svg+xml;base64,PHN2ZyB3aWR0aD0iMSIgaGVpZ2h0PSIxIiB4bWxucz0iaHR0cDovL3d3dy53My5vcmcvMjAwMC9zdmciPjwvc3ZnPg==\" style=\"--smush-placeholder-width: 744px; --smush-placeholder-aspect-ratio: 744\/996;\" \/><\/a>\n<h4 class=\"pt-cv-title\"><a href=\"https:\/\/marcopachiega.com\/besp\/numeros-misteriosos-en-barcelona\/\" class=\"_self\" target=\"_self\" >N\u00fameros misteriosos en Barcelona<\/a><\/h4>\n<div class=\"pt-cv-content\">N\u00fameros misteriosos en Barcelona Una obra art\u00edstica que engloba los fundamentos de la naturaleza Caminando por el Paseo de Joan ...<br \/><div class=\"pt-cv-rmwrap\"><a href=\"https:\/\/marcopachiega.com\/besp\/numeros-misteriosos-en-barcelona\/\" class=\"_self pt-cv-readmore btn btn-success\" target=\"_self\">Leer todo<\/a><\/div><\/div><\/div><\/div>\n<div class=\"col-md-3 col-sm-6 col-xs-12 pt-cv-content-item pt-cv-1-col\" ><div class='pt-cv-ifield'><a href=\"https:\/\/marcopachiega.com\/besp\/el-esfuerzo-y-la-tradicion-de-la-tratta\/\" class=\"_self pt-cv-href-thumbnail pt-cv-thumb-default\" target=\"_self\" ><img decoding=\"async\" width=\"744\" height=\"495\" data-src=\"https:\/\/marcopachiega.com\/besp\/wp-content\/uploads\/sites\/13\/2020\/06\/DSC_0481-744x495.jpg\" class=\"pt-cv-thumbnail lazyload\" alt=\"\" data-srcset=\"https:\/\/marcopachiega.com\/besp\/wp-content\/uploads\/sites\/13\/2020\/06\/DSC_0481-744x495.jpg 744w, https:\/\/marcopachiega.com\/besp\/wp-content\/uploads\/sites\/13\/2020\/06\/DSC_0481-1200x798.jpg 1200w, https:\/\/marcopachiega.com\/besp\/wp-content\/uploads\/sites\/13\/2020\/06\/DSC_0481-420x279.jpg 420w, https:\/\/marcopachiega.com\/besp\/wp-content\/uploads\/sites\/13\/2020\/06\/DSC_0481.jpg 1226w\" data-sizes=\"(max-width: 744px) 100vw, 744px\" src=\"data:image\/svg+xml;base64,PHN2ZyB3aWR0aD0iMSIgaGVpZ2h0PSIxIiB4bWxucz0iaHR0cDovL3d3dy53My5vcmcvMjAwMC9zdmciPjwvc3ZnPg==\" style=\"--smush-placeholder-width: 744px; --smush-placeholder-aspect-ratio: 744\/495;\" \/><\/a>\n<h4 class=\"pt-cv-title\"><a href=\"https:\/\/marcopachiega.com\/besp\/el-esfuerzo-y-la-tradicion-de-la-tratta\/\" class=\"_self\" target=\"_self\" >El esfuerzo y la tradici\u00f3n de \u00abLa Tratta\u00bb<\/a><\/h4>\n<div class=\"pt-cv-content\">El esfuerzo y la tradici\u00f3n de \"La Tratta\" Un antiguo m\u00e9todo de pesca ahora en desuso, contin\u00faa sobreviviendo en el ...<br \/><div class=\"pt-cv-rmwrap\"><a href=\"https:\/\/marcopachiega.com\/besp\/el-esfuerzo-y-la-tradicion-de-la-tratta\/\" class=\"_self pt-cv-readmore btn btn-success\" target=\"_self\">Leer todo<\/a><\/div><\/div><\/div><\/div>\n<div class=\"col-md-3 col-sm-6 col-xs-12 pt-cv-content-item pt-cv-1-col\" ><div class='pt-cv-ifield'><a href=\"https:\/\/marcopachiega.com\/besp\/la-melancolia-del-cami-dels-monjos-y-la-mola\/\" class=\"_self pt-cv-href-thumbnail pt-cv-thumb-default\" target=\"_self\" ><img decoding=\"async\" width=\"744\" height=\"495\" data-src=\"https:\/\/marcopachiega.com\/besp\/wp-content\/uploads\/sites\/13\/2020\/05\/DSC1228-Edit-744x495.jpg\" class=\"pt-cv-thumbnail lazyload\" alt=\"\" data-srcset=\"https:\/\/marcopachiega.com\/besp\/wp-content\/uploads\/sites\/13\/2020\/05\/DSC1228-Edit-744x495.jpg 744w, https:\/\/marcopachiega.com\/besp\/wp-content\/uploads\/sites\/13\/2020\/05\/DSC1228-Edit-1200x798.jpg 1200w, https:\/\/marcopachiega.com\/besp\/wp-content\/uploads\/sites\/13\/2020\/05\/DSC1228-Edit-420x279.jpg 420w, https:\/\/marcopachiega.com\/besp\/wp-content\/uploads\/sites\/13\/2020\/05\/DSC1228-Edit.jpg 1226w\" data-sizes=\"(max-width: 744px) 100vw, 744px\" src=\"data:image\/svg+xml;base64,PHN2ZyB3aWR0aD0iMSIgaGVpZ2h0PSIxIiB4bWxucz0iaHR0cDovL3d3dy53My5vcmcvMjAwMC9zdmciPjwvc3ZnPg==\" style=\"--smush-placeholder-width: 744px; --smush-placeholder-aspect-ratio: 744\/495;\" \/><\/a>\n<h4 class=\"pt-cv-title\"><a href=\"https:\/\/marcopachiega.com\/besp\/la-melancolia-del-cami-dels-monjos-y-la-mola\/\" class=\"_self\" target=\"_self\" >La melancol\u00eda del \u00abCam\u00ec dels Monjos\u00bb y la Mola<\/a><\/h4>\n<div class=\"pt-cv-content\">La melancol\u00eda del \"Cam\u00ec dels Monjos\" y la Mola La curiosa formaci\u00f3n rocosa lleva consigo una leyenda de los monjes ...<br \/><div class=\"pt-cv-rmwrap\"><a href=\"https:\/\/marcopachiega.com\/besp\/la-melancolia-del-cami-dels-monjos-y-la-mola\/\" class=\"_self pt-cv-readmore btn btn-success\" target=\"_self\">Leer todo<\/a><\/div><\/div><\/div><\/div>\n<div class=\"col-md-3 col-sm-6 col-xs-12 pt-cv-content-item pt-cv-1-col\" ><div class='pt-cv-ifield'><a href=\"https:\/\/marcopachiega.com\/besp\/la-memoria-ciclica-de-cantamaggio\/\" class=\"_self pt-cv-href-thumbnail pt-cv-thumb-default\" target=\"_self\" ><img decoding=\"async\" width=\"744\" height=\"495\" data-src=\"https:\/\/marcopachiega.com\/besp\/wp-content\/uploads\/sites\/13\/2020\/05\/DSC5954-744x495.jpg\" class=\"pt-cv-thumbnail lazyload\" alt=\"LA MEMORIA C\u00cdCLICA DE CANTAMAGGIO\" data-srcset=\"https:\/\/marcopachiega.com\/besp\/wp-content\/uploads\/sites\/13\/2020\/05\/DSC5954-744x495.jpg 744w, https:\/\/marcopachiega.com\/besp\/wp-content\/uploads\/sites\/13\/2020\/05\/DSC5954-1200x798.jpg 1200w, https:\/\/marcopachiega.com\/besp\/wp-content\/uploads\/sites\/13\/2020\/05\/DSC5954-420x279.jpg 420w, https:\/\/marcopachiega.com\/besp\/wp-content\/uploads\/sites\/13\/2020\/05\/DSC5954.jpg 1226w\" data-sizes=\"(max-width: 744px) 100vw, 744px\" src=\"data:image\/svg+xml;base64,PHN2ZyB3aWR0aD0iMSIgaGVpZ2h0PSIxIiB4bWxucz0iaHR0cDovL3d3dy53My5vcmcvMjAwMC9zdmciPjwvc3ZnPg==\" style=\"--smush-placeholder-width: 744px; --smush-placeholder-aspect-ratio: 744\/495;\" \/><\/a>\n<h4 class=\"pt-cv-title\"><a href=\"https:\/\/marcopachiega.com\/besp\/la-memoria-ciclica-de-cantamaggio\/\" class=\"_self\" target=\"_self\" >LA MEMORIA C\u00cdCLICA DE CANTAMAGGIO<\/a><\/h4>\n<div class=\"pt-cv-content\">LA MEMORIA C\u00cdCLICA DE CANTAMAGGIO La tradici\u00f3n de la fertilidad y la estaci\u00f3n c\u00e1lida en la \u00e9poca de covid-19 El ...<br \/><div class=\"pt-cv-rmwrap\"><a href=\"https:\/\/marcopachiega.com\/besp\/la-memoria-ciclica-de-cantamaggio\/\" class=\"_self pt-cv-readmore btn btn-success\" target=\"_self\">Leer todo<\/a><\/div><\/div><\/div><\/div>\n<div class=\"col-md-3 col-sm-6 col-xs-12 pt-cv-content-item pt-cv-1-col\" ><div class='pt-cv-ifield'><a href=\"https:\/\/marcopachiega.com\/besp\/los-belenes-escondidos-de-castiglioni\/\" class=\"_self pt-cv-href-thumbnail pt-cv-thumb-default\" target=\"_self\" ><img decoding=\"async\" width=\"744\" height=\"496\" data-src=\"https:\/\/marcopachiega.com\/besp\/wp-content\/uploads\/sites\/13\/2019\/11\/DSC9459-744x496.jpg\" class=\"pt-cv-thumbnail lazyload\" alt=\"\" data-srcset=\"https:\/\/marcopachiega.com\/besp\/wp-content\/uploads\/sites\/13\/2019\/11\/DSC9459-744x496.jpg 744w, https:\/\/marcopachiega.com\/besp\/wp-content\/uploads\/sites\/13\/2019\/11\/DSC9459-1200x800.jpg 1200w, https:\/\/marcopachiega.com\/besp\/wp-content\/uploads\/sites\/13\/2019\/11\/DSC9459-420x280.jpg 420w, https:\/\/marcopachiega.com\/besp\/wp-content\/uploads\/sites\/13\/2019\/11\/DSC9459.jpg 1224w\" data-sizes=\"(max-width: 744px) 100vw, 744px\" src=\"data:image\/svg+xml;base64,PHN2ZyB3aWR0aD0iMSIgaGVpZ2h0PSIxIiB4bWxucz0iaHR0cDovL3d3dy53My5vcmcvMjAwMC9zdmciPjwvc3ZnPg==\" style=\"--smush-placeholder-width: 744px; --smush-placeholder-aspect-ratio: 744\/496;\" \/><\/a>\n<h4 class=\"pt-cv-title\"><a href=\"https:\/\/marcopachiega.com\/besp\/los-belenes-escondidos-de-castiglioni\/\" class=\"_self\" target=\"_self\" >Los belenes escondidos de Castiglioni<\/a><\/h4>\n<div class=\"pt-cv-content\">Los belenes escondidos de Castiglioni Un peque\u00f1o pueblo donde descubrir una tradici\u00f3n rica en arte y habilidades manuales. Despues de ...<br \/><div class=\"pt-cv-rmwrap\"><a href=\"https:\/\/marcopachiega.com\/besp\/los-belenes-escondidos-de-castiglioni\/\" class=\"_self pt-cv-readmore btn btn-success\" target=\"_self\">Leer todo<\/a><\/div><\/div><\/div><\/div>\n<div class=\"col-md-3 col-sm-6 col-xs-12 pt-cv-content-item pt-cv-1-col\" ><div class='pt-cv-ifield'><a href=\"https:\/\/marcopachiega.com\/besp\/loi-krathong-festival-de-sukhothai\/\" class=\"_self pt-cv-href-thumbnail pt-cv-thumb-default\" target=\"_self\" ><img decoding=\"async\" width=\"744\" height=\"496\" data-src=\"https:\/\/marcopachiega.com\/besp\/wp-content\/uploads\/sites\/13\/2019\/11\/DSC9361-744x496.jpg\" class=\"pt-cv-thumbnail lazyload\" alt=\"Loi Krathong Festival de Sukhothai\" data-srcset=\"https:\/\/marcopachiega.com\/besp\/wp-content\/uploads\/sites\/13\/2019\/11\/DSC9361-744x496.jpg 744w, https:\/\/marcopachiega.com\/besp\/wp-content\/uploads\/sites\/13\/2019\/11\/DSC9361-1200x800.jpg 1200w, https:\/\/marcopachiega.com\/besp\/wp-content\/uploads\/sites\/13\/2019\/11\/DSC9361-420x280.jpg 420w, https:\/\/marcopachiega.com\/besp\/wp-content\/uploads\/sites\/13\/2019\/11\/DSC9361.jpg 1224w\" data-sizes=\"(max-width: 744px) 100vw, 744px\" src=\"data:image\/svg+xml;base64,PHN2ZyB3aWR0aD0iMSIgaGVpZ2h0PSIxIiB4bWxucz0iaHR0cDovL3d3dy53My5vcmcvMjAwMC9zdmciPjwvc3ZnPg==\" style=\"--smush-placeholder-width: 744px; --smush-placeholder-aspect-ratio: 744\/496;\" \/><\/a>\n<h4 class=\"pt-cv-title\"><a href=\"https:\/\/marcopachiega.com\/besp\/loi-krathong-festival-de-sukhothai\/\" class=\"_self\" target=\"_self\" >Loi Krathong Festival de Sukhothai<\/a><\/h4>\n<div class=\"pt-cv-content\">LOI KRATONG FESTIVAL DE SUKOTHAI Un ritual de gratitud al agua siguiendo los ciclos lunares que tiene sus ra\u00edces en ...<br \/><div class=\"pt-cv-rmwrap\"><a href=\"https:\/\/marcopachiega.com\/besp\/loi-krathong-festival-de-sukhothai\/\" class=\"_self pt-cv-readmore btn btn-success\" target=\"_self\">Leer todo<\/a><\/div><\/div><\/div><\/div>\n<div class=\"col-md-3 col-sm-6 col-xs-12 pt-cv-content-item pt-cv-1-col\" ><div class='pt-cv-ifield'><a href=\"https:\/\/marcopachiega.com\/besp\/pareidolia-a-ibiza\/\" class=\"_self pt-cv-href-thumbnail pt-cv-thumb-default\" target=\"_self\" ><img decoding=\"async\" width=\"744\" height=\"995\" data-src=\"https:\/\/marcopachiega.com\/besp\/wp-content\/uploads\/sites\/13\/2019\/08\/IMG_20190804_152002_922-744x995.jpg\" class=\"pt-cv-thumbnail lazyload\" alt=\"\" data-srcset=\"https:\/\/marcopachiega.com\/besp\/wp-content\/uploads\/sites\/13\/2019\/08\/IMG_20190804_152002_922-744x995.jpg 744w, https:\/\/marcopachiega.com\/besp\/wp-content\/uploads\/sites\/13\/2019\/08\/IMG_20190804_152002_922-314x420.jpg 314w, https:\/\/marcopachiega.com\/besp\/wp-content\/uploads\/sites\/13\/2019\/08\/IMG_20190804_152002_922.jpg 864w\" data-sizes=\"(max-width: 744px) 100vw, 744px\" src=\"data:image\/svg+xml;base64,PHN2ZyB3aWR0aD0iMSIgaGVpZ2h0PSIxIiB4bWxucz0iaHR0cDovL3d3dy53My5vcmcvMjAwMC9zdmciPjwvc3ZnPg==\" style=\"--smush-placeholder-width: 744px; --smush-placeholder-aspect-ratio: 744\/995;\" \/><\/a>\n<h4 class=\"pt-cv-title\"><a href=\"https:\/\/marcopachiega.com\/besp\/pareidolia-a-ibiza\/\" class=\"_self\" target=\"_self\" >PAREIDOLIA A IBIZA<\/a><\/h4>\n<div class=\"pt-cv-content\">PAREIDOLIA A IBIZA El rostro del antiguo indio que guarda un tesoro sumergido La aventura de Ibiza contin\u00faa. En el ...<br \/><div class=\"pt-cv-rmwrap\"><a href=\"https:\/\/marcopachiega.com\/besp\/pareidolia-a-ibiza\/\" class=\"_self pt-cv-readmore btn btn-success\" target=\"_self\">Leer todo<\/a><\/div><\/div><\/div><\/div>\n<div class=\"col-md-3 col-sm-6 col-xs-12 pt-cv-content-item pt-cv-1-col\" ><div class='pt-cv-ifield'><a href=\"https:\/\/marcopachiega.com\/besp\/un-misterioso-monumento-de-ibiza-en-cala-llentia\/\" class=\"_self pt-cv-href-thumbnail pt-cv-thumb-default\" target=\"_self\" ><img decoding=\"async\" width=\"744\" height=\"496\" data-src=\"https:\/\/marcopachiega.com\/besp\/wp-content\/uploads\/sites\/13\/2019\/07\/DSC4874-1366x911-1-744x496.jpg\" class=\"pt-cv-thumbnail lazyload\" alt=\"\" data-srcset=\"https:\/\/marcopachiega.com\/besp\/wp-content\/uploads\/sites\/13\/2019\/07\/DSC4874-1366x911-1-744x496.jpg 744w, https:\/\/marcopachiega.com\/besp\/wp-content\/uploads\/sites\/13\/2019\/07\/DSC4874-1366x911-1-1200x800.jpg 1200w, https:\/\/marcopachiega.com\/besp\/wp-content\/uploads\/sites\/13\/2019\/07\/DSC4874-1366x911-1-420x280.jpg 420w, https:\/\/marcopachiega.com\/besp\/wp-content\/uploads\/sites\/13\/2019\/07\/DSC4874-1366x911-1.jpg 1366w\" data-sizes=\"(max-width: 744px) 100vw, 744px\" src=\"data:image\/svg+xml;base64,PHN2ZyB3aWR0aD0iMSIgaGVpZ2h0PSIxIiB4bWxucz0iaHR0cDovL3d3dy53My5vcmcvMjAwMC9zdmciPjwvc3ZnPg==\" style=\"--smush-placeholder-width: 744px; --smush-placeholder-aspect-ratio: 744\/496;\" \/><\/a>\n<h4 class=\"pt-cv-title\"><a href=\"https:\/\/marcopachiega.com\/besp\/un-misterioso-monumento-de-ibiza-en-cala-llentia\/\" class=\"_self\" target=\"_self\" >Un misterioso monumento de Ibiza en Cala Llentia<\/a><\/h4>\n<div class=\"pt-cv-content\">Un misterioso monumento de Ibiza en Cala Llentia \u00bfQu\u00e9 tienen en com\u00fan Andrew Rogers, Guy Lalibert\u00e9 e Ibiza? Esta vez ...<br \/><div class=\"pt-cv-rmwrap\"><a href=\"https:\/\/marcopachiega.com\/besp\/un-misterioso-monumento-de-ibiza-en-cala-llentia\/\" class=\"_self pt-cv-readmore btn btn-success\" target=\"_self\">Leer todo<\/a><\/div><\/div><\/div><\/div>\n<div class=\"col-md-3 col-sm-6 col-xs-12 pt-cv-content-item pt-cv-1-col\" ><div class='pt-cv-ifield'><a href=\"https:\/\/marcopachiega.com\/besp\/ibiza-santa-eularia-del-rio\/\" class=\"_self pt-cv-href-thumbnail pt-cv-thumb-default\" target=\"_self\" ><img decoding=\"async\" width=\"744\" height=\"1116\" data-src=\"https:\/\/marcopachiega.com\/besp\/wp-content\/uploads\/sites\/13\/2019\/06\/DSC2922-744x1116.jpg\" class=\"pt-cv-thumbnail lazyload\" alt=\"\" data-srcset=\"https:\/\/marcopachiega.com\/besp\/wp-content\/uploads\/sites\/13\/2019\/06\/DSC2922-744x1116.jpg 744w, https:\/\/marcopachiega.com\/besp\/wp-content\/uploads\/sites\/13\/2019\/06\/DSC2922-280x420.jpg 280w, https:\/\/marcopachiega.com\/besp\/wp-content\/uploads\/sites\/13\/2019\/06\/DSC2922.jpg 816w\" data-sizes=\"(max-width: 744px) 100vw, 744px\" src=\"data:image\/svg+xml;base64,PHN2ZyB3aWR0aD0iMSIgaGVpZ2h0PSIxIiB4bWxucz0iaHR0cDovL3d3dy53My5vcmcvMjAwMC9zdmciPjwvc3ZnPg==\" style=\"--smush-placeholder-width: 744px; --smush-placeholder-aspect-ratio: 744\/1116;\" \/><\/a>\n<h4 class=\"pt-cv-title\"><a href=\"https:\/\/marcopachiega.com\/besp\/ibiza-santa-eularia-del-rio\/\" class=\"_self\" target=\"_self\" >Ibiza, Santa Eularia del rio<\/a><\/h4>\n<div class=\"pt-cv-content\">IBIZA, SANTA EULARIA DEL RIO Un rinc\u00f3n de paz vinculado al \u00fanico r\u00edo presente en todas las Baleares Ibiza!La famosa ...<br \/><div class=\"pt-cv-rmwrap\"><a href=\"https:\/\/marcopachiega.com\/besp\/ibiza-santa-eularia-del-rio\/\" class=\"_self pt-cv-readmore btn btn-success\" target=\"_self\">Leer todo<\/a><\/div><\/div><\/div><\/div>\n<div class=\"col-md-3 col-sm-6 col-xs-12 pt-cv-content-item pt-cv-1-col\" ><div class='pt-cv-ifield'><a href=\"https:\/\/marcopachiega.com\/besp\/elcito-un-amargo-amor-por-la-naturaleza\/\" class=\"_self pt-cv-href-thumbnail pt-cv-thumb-default\" target=\"_self\" ><img decoding=\"async\" width=\"744\" height=\"558\" data-src=\"https:\/\/marcopachiega.com\/besp\/wp-content\/uploads\/sites\/13\/2019\/04\/P1000737-744x558.jpg\" class=\"pt-cv-thumbnail lazyload\" alt=\"Elcito, un amargo amor por la naturaleza\" data-srcset=\"https:\/\/marcopachiega.com\/besp\/wp-content\/uploads\/sites\/13\/2019\/04\/P1000737-744x558.jpg 744w, https:\/\/marcopachiega.com\/besp\/wp-content\/uploads\/sites\/13\/2019\/04\/P1000737-420x315.jpg 420w, https:\/\/marcopachiega.com\/besp\/wp-content\/uploads\/sites\/13\/2019\/04\/P1000737.jpg 1154w\" data-sizes=\"(max-width: 744px) 100vw, 744px\" src=\"data:image\/svg+xml;base64,PHN2ZyB3aWR0aD0iMSIgaGVpZ2h0PSIxIiB4bWxucz0iaHR0cDovL3d3dy53My5vcmcvMjAwMC9zdmciPjwvc3ZnPg==\" style=\"--smush-placeholder-width: 744px; --smush-placeholder-aspect-ratio: 744\/558;\" \/><\/a>\n<h4 class=\"pt-cv-title\"><a href=\"https:\/\/marcopachiega.com\/besp\/elcito-un-amargo-amor-por-la-naturaleza\/\" class=\"_self\" target=\"_self\" >Elcito, un amargo amor por la naturaleza<\/a><\/h4>\n<div class=\"pt-cv-content\">Elcito, un amargo amor por la naturaleza El antiguo pueblo medieval testigo de la dura vida de la monta\u00f1a Si ...<br \/><div class=\"pt-cv-rmwrap\"><a href=\"https:\/\/marcopachiega.com\/besp\/elcito-un-amargo-amor-por-la-naturaleza\/\" class=\"_self pt-cv-readmore btn btn-success\" target=\"_self\">Leer todo<\/a><\/div><\/div><\/div><\/div>\n<div class=\"col-md-3 col-sm-6 col-xs-12 pt-cv-content-item pt-cv-1-col\" ><div class='pt-cv-ifield'><a href=\"https:\/\/marcopachiega.com\/besp\/osario-de-san-bernardino-y-otras-curiosidades-milanesas\/\" class=\"_self pt-cv-href-thumbnail pt-cv-thumb-default\" target=\"_self\" ><img decoding=\"async\" width=\"744\" height=\"495\" data-src=\"https:\/\/marcopachiega.com\/besp\/wp-content\/uploads\/sites\/13\/2019\/03\/DSC4865-744x495.jpg\" class=\"pt-cv-thumbnail lazyload\" alt=\"Osario de San Bernardino y otras curiosidades milanesas.\" data-srcset=\"https:\/\/marcopachiega.com\/besp\/wp-content\/uploads\/sites\/13\/2019\/03\/DSC4865-744x495.jpg 744w, https:\/\/marcopachiega.com\/besp\/wp-content\/uploads\/sites\/13\/2019\/03\/DSC4865-420x279.jpg 420w, https:\/\/marcopachiega.com\/besp\/wp-content\/uploads\/sites\/13\/2019\/03\/DSC4865-1200x798.jpg 1200w, https:\/\/marcopachiega.com\/besp\/wp-content\/uploads\/sites\/13\/2019\/03\/DSC4865.jpg 1226w\" data-sizes=\"(max-width: 744px) 100vw, 744px\" src=\"data:image\/svg+xml;base64,PHN2ZyB3aWR0aD0iMSIgaGVpZ2h0PSIxIiB4bWxucz0iaHR0cDovL3d3dy53My5vcmcvMjAwMC9zdmciPjwvc3ZnPg==\" style=\"--smush-placeholder-width: 744px; --smush-placeholder-aspect-ratio: 744\/495;\" \/><\/a>\n<h4 class=\"pt-cv-title\"><a href=\"https:\/\/marcopachiega.com\/besp\/osario-de-san-bernardino-y-otras-curiosidades-milanesas\/\" class=\"_self\" target=\"_self\" >Osario de San Bernardino y otras curiosidades milanesas.<\/a><\/h4>\n<div class=\"pt-cv-content\">Osario de San Bernardino y otras curiosidades milanesas. A pocos pasos de la catedral de Mil\u00e1n puedes encontrar lugares fascinantes ...<br \/><div class=\"pt-cv-rmwrap\"><a href=\"https:\/\/marcopachiega.com\/besp\/osario-de-san-bernardino-y-otras-curiosidades-milanesas\/\" class=\"_self pt-cv-readmore btn btn-success\" target=\"_self\">Leer todo<\/a><\/div><\/div><\/div><\/div>\n<div class=\"col-md-3 col-sm-6 col-xs-12 pt-cv-content-item pt-cv-1-col\" ><div class='pt-cv-ifield'><a href=\"https:\/\/marcopachiega.com\/besp\/un-panorama-increible-desde-el-turo-de-les-maleses\/\" class=\"_self pt-cv-href-thumbnail pt-cv-thumb-default\" target=\"_self\" ><img decoding=\"async\" width=\"744\" height=\"744\" data-src=\"https:\/\/marcopachiega.com\/besp\/wp-content\/uploads\/sites\/13\/2018\/12\/DSC3889-744x744.jpg\" class=\"pt-cv-thumbnail lazyload\" alt=\"Un panorama incre\u00edble desde el Tur\u00f2 de les Maleses\" data-srcset=\"https:\/\/marcopachiega.com\/besp\/wp-content\/uploads\/sites\/13\/2018\/12\/DSC3889-744x744.jpg 744w, https:\/\/marcopachiega.com\/besp\/wp-content\/uploads\/sites\/13\/2018\/12\/DSC3889-420x420.jpg 420w, https:\/\/marcopachiega.com\/besp\/wp-content\/uploads\/sites\/13\/2018\/12\/DSC3889.jpg 1000w\" data-sizes=\"(max-width: 744px) 100vw, 744px\" src=\"data:image\/svg+xml;base64,PHN2ZyB3aWR0aD0iMSIgaGVpZ2h0PSIxIiB4bWxucz0iaHR0cDovL3d3dy53My5vcmcvMjAwMC9zdmciPjwvc3ZnPg==\" style=\"--smush-placeholder-width: 744px; --smush-placeholder-aspect-ratio: 744\/744;\" \/><\/a>\n<h4 class=\"pt-cv-title\"><a href=\"https:\/\/marcopachiega.com\/besp\/un-panorama-increible-desde-el-turo-de-les-maleses\/\" class=\"_self\" target=\"_self\" >Un panorama incre\u00edble desde el Tur\u00f2 de les Maleses<\/a><\/h4>\n<div class=\"pt-cv-content\">Un panorama incre\u00edble desde el Tur\u00f2 de les Maleses Descubriendo un antiguo asentamiento ib\u00e9rico \u00bfQuieres admirar una buena parte de ...<br \/><div class=\"pt-cv-rmwrap\"><a href=\"https:\/\/marcopachiega.com\/besp\/un-panorama-increible-desde-el-turo-de-les-maleses\/\" class=\"_self pt-cv-readmore btn btn-success\" target=\"_self\">Leer todo<\/a><\/div><\/div><\/div><\/div>\n<div class=\"col-md-3 col-sm-6 col-xs-12 pt-cv-content-item pt-cv-1-col\" ><div class='pt-cv-ifield'><a href=\"https:\/\/marcopachiega.com\/besp\/desde-hostalets-de-balenya-hasta-aiguafreda-de-dalt\/\" class=\"_self pt-cv-href-thumbnail pt-cv-thumb-default\" target=\"_self\" ><img decoding=\"async\" width=\"744\" height=\"316\" data-src=\"https:\/\/marcopachiega.com\/besp\/wp-content\/uploads\/sites\/13\/2018\/12\/DSC7147-Edit-744x316.jpg\" class=\"pt-cv-thumbnail lazyload\" alt=\"Desde Hostalets de Baleny\u00e0 hasta Aiguafreda de Dalt\" data-srcset=\"https:\/\/marcopachiega.com\/besp\/wp-content\/uploads\/sites\/13\/2018\/12\/DSC7147-Edit-744x316.jpg 744w, https:\/\/marcopachiega.com\/besp\/wp-content\/uploads\/sites\/13\/2018\/12\/DSC7147-Edit-420x178.jpg 420w, https:\/\/marcopachiega.com\/besp\/wp-content\/uploads\/sites\/13\/2018\/12\/DSC7147-Edit-1200x509.jpg 1200w, https:\/\/marcopachiega.com\/besp\/wp-content\/uploads\/sites\/13\/2018\/12\/DSC7147-Edit.jpg 1534w\" data-sizes=\"(max-width: 744px) 100vw, 744px\" src=\"data:image\/svg+xml;base64,PHN2ZyB3aWR0aD0iMSIgaGVpZ2h0PSIxIiB4bWxucz0iaHR0cDovL3d3dy53My5vcmcvMjAwMC9zdmciPjwvc3ZnPg==\" style=\"--smush-placeholder-width: 744px; --smush-placeholder-aspect-ratio: 744\/316;\" \/><\/a>\n<h4 class=\"pt-cv-title\"><a href=\"https:\/\/marcopachiega.com\/besp\/desde-hostalets-de-balenya-hasta-aiguafreda-de-dalt\/\" class=\"_self\" target=\"_self\" >Desde Hostalets de Baleny\u00e0 hasta Aiguafreda de Dalt<\/a><\/h4>\n<div class=\"pt-cv-content\">Desde Hostalets de Baleny\u00e0 hasta Aiguafreda de Dalt El encanto de un antiguo monasterio inmerso en un tranquilo invierno La ...<br \/><div class=\"pt-cv-rmwrap\"><a href=\"https:\/\/marcopachiega.com\/besp\/desde-hostalets-de-balenya-hasta-aiguafreda-de-dalt\/\" class=\"_self pt-cv-readmore btn btn-success\" target=\"_self\">Leer todo<\/a><\/div><\/div><\/div><\/div>\n<div class=\"col-md-3 col-sm-6 col-xs-12 pt-cv-content-item pt-cv-1-col\" ><div class='pt-cv-ifield'><a href=\"https:\/\/marcopachiega.com\/besp\/los-colores-del-turo-del-tagamanent-en-otono\/\" class=\"_self pt-cv-href-thumbnail pt-cv-thumb-default\" target=\"_self\" ><img decoding=\"async\" width=\"744\" height=\"495\" data-src=\"https:\/\/marcopachiega.com\/besp\/wp-content\/uploads\/sites\/13\/2018\/12\/DSC3614-744x495.jpg\" class=\"pt-cv-thumbnail lazyload\" alt=\"I colori della cima del Tagamanent in autunno\" data-srcset=\"https:\/\/marcopachiega.com\/besp\/wp-content\/uploads\/sites\/13\/2018\/12\/DSC3614-744x495.jpg 744w, https:\/\/marcopachiega.com\/besp\/wp-content\/uploads\/sites\/13\/2018\/12\/DSC3614-420x279.jpg 420w, https:\/\/marcopachiega.com\/besp\/wp-content\/uploads\/sites\/13\/2018\/12\/DSC3614-1200x798.jpg 1200w, https:\/\/marcopachiega.com\/besp\/wp-content\/uploads\/sites\/13\/2018\/12\/DSC3614.jpg 1226w\" data-sizes=\"(max-width: 744px) 100vw, 744px\" src=\"data:image\/svg+xml;base64,PHN2ZyB3aWR0aD0iMSIgaGVpZ2h0PSIxIiB4bWxucz0iaHR0cDovL3d3dy53My5vcmcvMjAwMC9zdmciPjwvc3ZnPg==\" style=\"--smush-placeholder-width: 744px; --smush-placeholder-aspect-ratio: 744\/495;\" \/><\/a>\n<h4 class=\"pt-cv-title\"><a href=\"https:\/\/marcopachiega.com\/besp\/los-colores-del-turo-del-tagamanent-en-otono\/\" class=\"_self\" target=\"_self\" >Los colores del tur\u00f2 del Tagamanent en oto\u00f1o<\/a><\/h4>\n<div class=\"pt-cv-content\">Los colores del tur\u00f2 del Tagamanent en oto\u00f1o Un camino f\u00e1cil que te permite admirar un magn\u00edfico panorama de oto\u00f1o ...<br \/><div class=\"pt-cv-rmwrap\"><a href=\"https:\/\/marcopachiega.com\/besp\/los-colores-del-turo-del-tagamanent-en-otono\/\" class=\"_self pt-cv-readmore btn btn-success\" target=\"_self\">Leer todo<\/a><\/div><\/div><\/div><\/div>\n<div class=\"col-md-3 col-sm-6 col-xs-12 pt-cv-content-item pt-cv-1-col\" ><div class='pt-cv-ifield'><a href=\"https:\/\/marcopachiega.com\/besp\/i-colori-della-cima-del-tagamanent-in-autunno\/\" class=\"_self pt-cv-href-thumbnail pt-cv-thumb-default\" target=\"_self\" ><img decoding=\"async\" width=\"744\" height=\"1119\" data-src=\"https:\/\/marcopachiega.com\/besp\/wp-content\/uploads\/sites\/13\/2018\/12\/DSC3646-744x1119.jpg\" class=\"pt-cv-thumbnail lazyload\" alt=\"\" data-srcset=\"https:\/\/marcopachiega.com\/besp\/wp-content\/uploads\/sites\/13\/2018\/12\/DSC3646-744x1119.jpg 744w, https:\/\/marcopachiega.com\/besp\/wp-content\/uploads\/sites\/13\/2018\/12\/DSC3646-279x420.jpg 279w, https:\/\/marcopachiega.com\/besp\/wp-content\/uploads\/sites\/13\/2018\/12\/DSC3646.jpg 815w\" data-sizes=\"(max-width: 744px) 100vw, 744px\" src=\"data:image\/svg+xml;base64,PHN2ZyB3aWR0aD0iMSIgaGVpZ2h0PSIxIiB4bWxucz0iaHR0cDovL3d3dy53My5vcmcvMjAwMC9zdmciPjwvc3ZnPg==\" style=\"--smush-placeholder-width: 744px; --smush-placeholder-aspect-ratio: 744\/1119;\" \/><\/a>\n<h4 class=\"pt-cv-title\"><a href=\"https:\/\/marcopachiega.com\/besp\/i-colori-della-cima-del-tagamanent-in-autunno\/\" class=\"_self\" target=\"_self\" >I colori della cima del Tagamanent in autunno<\/a><\/h4>\n<div class=\"pt-cv-content\">I colori della cima del Tagamanent in autunno Un facile percorso che permette di ammirare un magnifico panorama autunnale Espa\u00f1ol ...<br \/><div class=\"pt-cv-rmwrap\"><a href=\"https:\/\/marcopachiega.com\/besp\/i-colori-della-cima-del-tagamanent-in-autunno\/\" class=\"_self pt-cv-readmore btn btn-success\" target=\"_self\">Leer todo<\/a><\/div><\/div><\/div><\/div>\n<div class=\"col-md-3 col-sm-6 col-xs-12 pt-cv-content-item pt-cv-1-col\" ><div class='pt-cv-ifield'><a href=\"https:\/\/marcopachiega.com\/besp\/il-dolmen-de-la-pedra-gentil-di-vallgorguina\/\" class=\"_self pt-cv-href-thumbnail pt-cv-thumb-default\" target=\"_self\" ><img decoding=\"async\" width=\"744\" height=\"491\" data-src=\"https:\/\/marcopachiega.com\/besp\/wp-content\/uploads\/sites\/13\/2018\/12\/DSC2808-Edit_09-Edit_10-Edit_11-Edit_12-Edit_13-Edit_tonemapped-744x491.jpg\" class=\"pt-cv-thumbnail lazyload\" alt=\"El Dolmen de la Pedra Gentil de Vallgorguina\" data-srcset=\"https:\/\/marcopachiega.com\/besp\/wp-content\/uploads\/sites\/13\/2018\/12\/DSC2808-Edit_09-Edit_10-Edit_11-Edit_12-Edit_13-Edit_tonemapped-744x491.jpg 744w, https:\/\/marcopachiega.com\/besp\/wp-content\/uploads\/sites\/13\/2018\/12\/DSC2808-Edit_09-Edit_10-Edit_11-Edit_12-Edit_13-Edit_tonemapped-420x277.jpg 420w, https:\/\/marcopachiega.com\/besp\/wp-content\/uploads\/sites\/13\/2018\/12\/DSC2808-Edit_09-Edit_10-Edit_11-Edit_12-Edit_13-Edit_tonemapped.jpg 1200w\" data-sizes=\"(max-width: 744px) 100vw, 744px\" src=\"data:image\/svg+xml;base64,PHN2ZyB3aWR0aD0iMSIgaGVpZ2h0PSIxIiB4bWxucz0iaHR0cDovL3d3dy53My5vcmcvMjAwMC9zdmciPjwvc3ZnPg==\" style=\"--smush-placeholder-width: 744px; --smush-placeholder-aspect-ratio: 744\/491;\" \/><\/a>\n<h4 class=\"pt-cv-title\"><a href=\"https:\/\/marcopachiega.com\/besp\/il-dolmen-de-la-pedra-gentil-di-vallgorguina\/\" class=\"_self\" target=\"_self\" >El Dolmen de la Pedra Gentil de Vallgorguina<\/a><\/h4>\n<div class=\"pt-cv-content\">El Dolmen de la Pedra Gentil de Vallgorguina Una estructura megal\u00edtica de 5000 a\u00f1os cerca de Barcelona. Catalu\u00f1a no solo ...<br \/><div class=\"pt-cv-rmwrap\"><a href=\"https:\/\/marcopachiega.com\/besp\/il-dolmen-de-la-pedra-gentil-di-vallgorguina\/\" class=\"_self pt-cv-readmore btn btn-success\" target=\"_self\">Leer todo<\/a><\/div><\/div><\/div><\/div><\/div><\/div><\/div><\/p>\n<p style=\"text-align: center;\">&nbsp;<\/p>\n","protected":false},"excerpt":{"rendered":"<p>&nbsp;<\/p>\n","protected":false},"author":1,"featured_media":3874,"parent":0,"menu_order":0,"comment_status":"closed","ping_status":"closed","template":"","meta":{"footnotes":""},"class_list":["post-2255","page","type-page","status-publish","has-post-thumbnail","hentry"],"yoast_head":"<!-- This site is optimized with the Yoast SEO plugin v27.3 - https:\/\/yoast.com\/product\/yoast-seo-wordpress\/ -->\n<title>Viajes y otras historias - Pachiega&#039;s blog<\/title>\n<meta name=\"description\" content=\"Viaggi e altre storie. Alcuni dei viaggi che ho intrapreso, in parte vacanze rilassanti, altri viaggi un p\u00f2 pi\u00f9 avventurosi.\" \/>\n<meta name=\"robots\" content=\"index, follow, max-snippet:-1, max-image-preview:large, max-video-preview:-1\" \/>\n<link rel=\"canonical\" href=\"https:\/\/marcopachiega.com\/besp\/\" \/>\n<meta property=\"og:locale\" content=\"es_ES\" \/>\n<meta property=\"og:type\" content=\"article\" \/>\n<meta property=\"og:title\" content=\"Viajes y otras historias - Pachiega&#039;s blog\" \/>\n<meta property=\"og:description\" content=\"Viaggi e altre storie. Alcuni dei viaggi che ho intrapreso, in parte vacanze rilassanti, altri viaggi un p\u00f2 pi\u00f9 avventurosi.\" \/>\n<meta property=\"og:url\" content=\"https:\/\/marcopachiega.com\/besp\/\" \/>\n<meta property=\"og:site_name\" content=\"Pachiega&#039;s blog\" \/>\n<meta property=\"article:modified_time\" content=\"2024-02-14T11:50:52+00:00\" \/>\n<meta property=\"og:image\" content=\"https:\/\/marcopachiega.com\/besp\/wp-content\/uploads\/sites\/13\/2021\/10\/DSC4824-1366x911-1-e1707911205694.jpg\" \/>\n\t<meta property=\"og:image:width\" content=\"1224\" \/>\n\t<meta property=\"og:image:height\" content=\"599\" \/>\n\t<meta property=\"og:image:type\" content=\"image\/jpeg\" \/>\n<meta name=\"twitter:card\" content=\"summary_large_image\" \/>\n<meta name=\"twitter:label1\" content=\"Tiempo de lectura\" \/>\n\t<meta name=\"twitter:data1\" content=\"1 minuto\" \/>\n<script type=\"application\/ld+json\" class=\"yoast-schema-graph\">{\"@context\":\"https:\\\/\\\/schema.org\",\"@graph\":[{\"@type\":\"WebPage\",\"@id\":\"https:\\\/\\\/marcopachiega.com\\\/besp\\\/\",\"url\":\"https:\\\/\\\/marcopachiega.com\\\/besp\\\/\",\"name\":\"Viajes y otras historias - Pachiega&#039;s blog\",\"isPartOf\":{\"@id\":\"https:\\\/\\\/marcopachiega.com\\\/besp\\\/#website\"},\"primaryImageOfPage\":{\"@id\":\"https:\\\/\\\/marcopachiega.com\\\/besp\\\/#primaryimage\"},\"image\":{\"@id\":\"https:\\\/\\\/marcopachiega.com\\\/besp\\\/#primaryimage\"},\"thumbnailUrl\":\"https:\\\/\\\/marcopachiega.com\\\/besp\\\/wp-content\\\/uploads\\\/sites\\\/13\\\/2021\\\/10\\\/DSC4824-1366x911-1-e1707911205694.jpg\",\"datePublished\":\"2018-07-18T11:53:42+00:00\",\"dateModified\":\"2024-02-14T11:50:52+00:00\",\"description\":\"Viaggi e altre storie. Alcuni dei viaggi che ho intrapreso, in parte vacanze rilassanti, altri viaggi un p\u00f2 pi\u00f9 avventurosi.\",\"breadcrumb\":{\"@id\":\"https:\\\/\\\/marcopachiega.com\\\/besp\\\/#breadcrumb\"},\"inLanguage\":\"es\",\"potentialAction\":[{\"@type\":\"ReadAction\",\"target\":[\"https:\\\/\\\/marcopachiega.com\\\/besp\\\/\"]}]},{\"@type\":\"ImageObject\",\"inLanguage\":\"es\",\"@id\":\"https:\\\/\\\/marcopachiega.com\\\/besp\\\/#primaryimage\",\"url\":\"https:\\\/\\\/marcopachiega.com\\\/besp\\\/wp-content\\\/uploads\\\/sites\\\/13\\\/2021\\\/10\\\/DSC4824-1366x911-1-e1707911205694.jpg\",\"contentUrl\":\"https:\\\/\\\/marcopachiega.com\\\/besp\\\/wp-content\\\/uploads\\\/sites\\\/13\\\/2021\\\/10\\\/DSC4824-1366x911-1-e1707911205694.jpg\",\"width\":1224,\"height\":599},{\"@type\":\"BreadcrumbList\",\"@id\":\"https:\\\/\\\/marcopachiega.com\\\/besp\\\/#breadcrumb\",\"itemListElement\":[{\"@type\":\"ListItem\",\"position\":1,\"name\":\"Home\",\"item\":\"https:\\\/\\\/marcopachiega.com\\\/besp\\\/\"},{\"@type\":\"ListItem\",\"position\":2,\"name\":\"Viajes y otras historias\"}]},{\"@type\":\"WebSite\",\"@id\":\"https:\\\/\\\/marcopachiega.com\\\/besp\\\/#website\",\"url\":\"https:\\\/\\\/marcopachiega.com\\\/besp\\\/\",\"name\":\"Pachiega&#039;s blog\",\"description\":\"Observation post\",\"potentialAction\":[{\"@type\":\"SearchAction\",\"target\":{\"@type\":\"EntryPoint\",\"urlTemplate\":\"https:\\\/\\\/marcopachiega.com\\\/besp\\\/?s={search_term_string}\"},\"query-input\":{\"@type\":\"PropertyValueSpecification\",\"valueRequired\":true,\"valueName\":\"search_term_string\"}}],\"inLanguage\":\"es\"}]}<\/script>\n<!-- \/ Yoast SEO plugin. -->","yoast_head_json":{"title":"Viajes y otras historias - Pachiega&#039;s blog","description":"Viaggi e altre storie. Alcuni dei viaggi che ho intrapreso, in parte vacanze rilassanti, altri viaggi un p\u00f2 pi\u00f9 avventurosi.","robots":{"index":"index","follow":"follow","max-snippet":"max-snippet:-1","max-image-preview":"max-image-preview:large","max-video-preview":"max-video-preview:-1"},"canonical":"https:\/\/marcopachiega.com\/besp\/","og_locale":"es_ES","og_type":"article","og_title":"Viajes y otras historias - Pachiega&#039;s blog","og_description":"Viaggi e altre storie. Alcuni dei viaggi che ho intrapreso, in parte vacanze rilassanti, altri viaggi un p\u00f2 pi\u00f9 avventurosi.","og_url":"https:\/\/marcopachiega.com\/besp\/","og_site_name":"Pachiega&#039;s blog","article_modified_time":"2024-02-14T11:50:52+00:00","og_image":[{"width":1224,"height":599,"url":"https:\/\/marcopachiega.com\/besp\/wp-content\/uploads\/sites\/13\/2021\/10\/DSC4824-1366x911-1-e1707911205694.jpg","type":"image\/jpeg"}],"twitter_card":"summary_large_image","twitter_misc":{"Tiempo de lectura":"1 minuto"},"schema":{"@context":"https:\/\/schema.org","@graph":[{"@type":"WebPage","@id":"https:\/\/marcopachiega.com\/besp\/","url":"https:\/\/marcopachiega.com\/besp\/","name":"Viajes y otras historias - Pachiega&#039;s blog","isPartOf":{"@id":"https:\/\/marcopachiega.com\/besp\/#website"},"primaryImageOfPage":{"@id":"https:\/\/marcopachiega.com\/besp\/#primaryimage"},"image":{"@id":"https:\/\/marcopachiega.com\/besp\/#primaryimage"},"thumbnailUrl":"https:\/\/marcopachiega.com\/besp\/wp-content\/uploads\/sites\/13\/2021\/10\/DSC4824-1366x911-1-e1707911205694.jpg","datePublished":"2018-07-18T11:53:42+00:00","dateModified":"2024-02-14T11:50:52+00:00","description":"Viaggi e altre storie. Alcuni dei viaggi che ho intrapreso, in parte vacanze rilassanti, altri viaggi un p\u00f2 pi\u00f9 avventurosi.","breadcrumb":{"@id":"https:\/\/marcopachiega.com\/besp\/#breadcrumb"},"inLanguage":"es","potentialAction":[{"@type":"ReadAction","target":["https:\/\/marcopachiega.com\/besp\/"]}]},{"@type":"ImageObject","inLanguage":"es","@id":"https:\/\/marcopachiega.com\/besp\/#primaryimage","url":"https:\/\/marcopachiega.com\/besp\/wp-content\/uploads\/sites\/13\/2021\/10\/DSC4824-1366x911-1-e1707911205694.jpg","contentUrl":"https:\/\/marcopachiega.com\/besp\/wp-content\/uploads\/sites\/13\/2021\/10\/DSC4824-1366x911-1-e1707911205694.jpg","width":1224,"height":599},{"@type":"BreadcrumbList","@id":"https:\/\/marcopachiega.com\/besp\/#breadcrumb","itemListElement":[{"@type":"ListItem","position":1,"name":"Home","item":"https:\/\/marcopachiega.com\/besp\/"},{"@type":"ListItem","position":2,"name":"Viajes y otras historias"}]},{"@type":"WebSite","@id":"https:\/\/marcopachiega.com\/besp\/#website","url":"https:\/\/marcopachiega.com\/besp\/","name":"Pachiega&#039;s blog","description":"Observation post","potentialAction":[{"@type":"SearchAction","target":{"@type":"EntryPoint","urlTemplate":"https:\/\/marcopachiega.com\/besp\/?s={search_term_string}"},"query-input":{"@type":"PropertyValueSpecification","valueRequired":true,"valueName":"search_term_string"}}],"inLanguage":"es"}]}},"_links":{"self":[{"href":"https:\/\/marcopachiega.com\/besp\/wp-json\/wp\/v2\/pages\/2255","targetHints":{"allow":["GET"]}}],"collection":[{"href":"https:\/\/marcopachiega.com\/besp\/wp-json\/wp\/v2\/pages"}],"about":[{"href":"https:\/\/marcopachiega.com\/besp\/wp-json\/wp\/v2\/types\/page"}],"author":[{"embeddable":true,"href":"https:\/\/marcopachiega.com\/besp\/wp-json\/wp\/v2\/users\/1"}],"replies":[{"embeddable":true,"href":"https:\/\/marcopachiega.com\/besp\/wp-json\/wp\/v2\/comments?post=2255"}],"version-history":[{"count":0,"href":"https:\/\/marcopachiega.com\/besp\/wp-json\/wp\/v2\/pages\/2255\/revisions"}],"wp:featuredmedia":[{"embeddable":true,"href":"https:\/\/marcopachiega.com\/besp\/wp-json\/wp\/v2\/media\/3874"}],"wp:attachment":[{"href":"https:\/\/marcopachiega.com\/besp\/wp-json\/wp\/v2\/media?parent=2255"}],"curies":[{"name":"wp","href":"https:\/\/api.w.org\/{rel}","templated":true}]}}